{"id":1966,"date":"2025-08-25T00:45:36","date_gmt":"2025-08-24T21:45:36","guid":{"rendered":"https:\/\/hairtrans.com\/?page_id=1966"},"modified":"2025-08-25T00:57:23","modified_gmt":"2025-08-24T21:57:23","slug":"galerie-avant-apres","status":"publish","type":"page","link":"https:\/\/hairtrans.com\/fr\/before-after-gallery\/","title":{"rendered":"Galerie Avant Apr\u00e8s"},"content":{"rendered":"<div data-elementor-type=\"wp-page\" data-elementor-id=\"1966\" class=\"elementor elementor-1966\">\n\t\t\t\t<div class=\"elementor-element elementor-element-1bc7143 e-flex e-con-boxed e-con e-parent\" data-id=\"1bc7143\" data-element_type=\"container\" data-e-type=\"container\">\n\t\t\t\t\t<div class=\"e-con-inner\">\n\t\t\t\t<div class=\"elementor-element elementor-element-4dc65fe elementor-widget elementor-widget-heading\" data-id=\"4dc65fe\" data-element_type=\"widget\" data-e-type=\"widget\" data-widget_type=\"heading.default\">\n\t\t\t\t<div class=\"elementor-widget-container\">\n\t\t\t\t\t<h2 class=\"elementor-heading-title elementor-size-default\">Galerie Avant Apr\u00e8s<\/h2>\t\t\t\t<\/div>\n\t\t\t\t<\/div>\n\t\t\t\t<div class=\"elementor-element elementor-element-cd0074c gallery-spacing-custom elementor-widget elementor-widget-image-gallery\" data-id=\"cd0074c\" data-element_type=\"widget\" data-e-type=\"widget\" data-widget_type=\"image-gallery.default\">\n\t\t\t\t<div class=\"elementor-widget-container\">\n\t\t\t\t\t\t\t<div class=\"elementor-image-gallery\">\n\t\t\t<div id='gallery-1' class='gallery galleryid-1966 gallery-columns-3 gallery-size-large'><figure class='gallery-item'>\n\t\t\t<div class='gallery-icon landscape'>\n\t\t\t\t<a data-elementor-open-lightbox=\"yes\" data-elementor-lightbox-slideshow=\"cd0074c\" data-elementor-lightbox-title=\"16\" data-e-action-hash=\"#elementor-action%3Aaction%3Dlightbox%26settings%3DeyJpZCI6MTk4NiwidXJsIjoiaHR0cHM6XC9cL2hhaXJ0cmFucy5jb21cL3dwLWNvbnRlbnRcL3VwbG9hZHNcLzIwMjVcLzA4XC8xNi5qcGciLCJzbGlkZXNob3ciOiJjZDAwNzRjIn0%3D\" href=\"https:\/\/hairtrans.com\/wp-content\/uploads\/2025\/08\/16.jpg\"><img fetchpriority=\"high\" decoding=\"async\" width=\"1024\" height=\"1024\" src=\"https:\/\/hairtrans.com\/wp-content\/uploads\/2025\/08\/16-1024x1024.jpg\" class=\"attachment-large size-large\" alt=\"Ce montage photographique clinique avant-apr\u00e8s illustre les r\u00e9sultats d&#039;une intervention de restauration capillaire. Captur\u00e9e avec un capteur num\u00e9rique standard de milieu de gamme, l&#039;image se concentre sur la ligne frontale et le cuir chevelu d&#039;un homme. L&#039;\u00e9clairage, fonctionnel et direct, typique d&#039;une consultation m\u00e9dico-esth\u00e9tique, met en valeur la texture du cuir chevelu et la densit\u00e9 capillaire. Le sujet est repr\u00e9sent\u00e9 en gros plan, dans une pose neutre, les cheveux relev\u00e9s manuellement pour r\u00e9v\u00e9ler la transition entre la ligne frontale et la zone temporale. La texture de la peau para\u00eet naturelle, refl\u00e9tant la lumi\u00e8re ambiante d&#039;un cabinet m\u00e9dical. La composition est divis\u00e9e en quatre quadrants\u00a0: deux images &#039;\u00a0avant\u00a0&#039; montrant un recul temporal l\u00e9ger \u00e0 mod\u00e9r\u00e9 et deux images &#039;\u00a0apr\u00e8s\u00a0&#039; pr\u00e9sentant une ligne frontale restaur\u00e9e, plus dense et mieux d\u00e9finie. L&#039;atmosph\u00e8re est professionnelle et objective, caract\u00e9ristique de la documentation chirurgicale, avec un arri\u00e8re-plan flou qui concentre l&#039;attention sur le r\u00e9sultat anatomique. Le filigrane &#039;\u00a0Dr. MFO Art, Surgery &amp; Beauty\u00a0&#039; est appos\u00e9 au centre.\" srcset=\"https:\/\/hairtrans.com\/wp-content\/uploads\/2025\/08\/16-1024x1024.jpg 1024w, https:\/\/hairtrans.com\/wp-content\/uploads\/2025\/08\/16-300x300.jpg 300w, https:\/\/hairtrans.com\/wp-content\/uploads\/2025\/08\/16-150x150.jpg 150w, https:\/\/hairtrans.com\/wp-content\/uploads\/2025\/08\/16-768x768.jpg 768w, https:\/\/hairtrans.com\/wp-content\/uploads\/2025\/08\/16-12x12.jpg 12w, https:\/\/hairtrans.com\/wp-content\/uploads\/2025\/08\/16.jpg 1080w\" sizes=\"(max-width: 1024px) 100vw, 1024px\" \/><\/a>\n\t\t\t<\/div><\/figure><figure class='gallery-item'>\n\t\t\t<div class='gallery-icon landscape'>\n\t\t\t\t<a data-elementor-open-lightbox=\"yes\" data-elementor-lightbox-slideshow=\"cd0074c\" data-elementor-lightbox-title=\"15\" data-e-action-hash=\"#elementor-action%3Aaction%3Dlightbox%26settings%3DeyJpZCI6MTk4NSwidXJsIjoiaHR0cHM6XC9cL2hhaXJ0cmFucy5jb21cL3dwLWNvbnRlbnRcL3VwbG9hZHNcLzIwMjVcLzA4XC8xNS5qcGciLCJzbGlkZXNob3ciOiJjZDAwNzRjIn0%3D\" href=\"https:\/\/hairtrans.com\/wp-content\/uploads\/2025\/08\/15.jpg\"><img decoding=\"async\" width=\"1024\" height=\"1024\" src=\"https:\/\/hairtrans.com\/wp-content\/uploads\/2025\/08\/15-1024x1024.jpg\" class=\"attachment-large size-large\" alt=\"Une photographie comparative clinique en \u00e9cran partag\u00e9 illustre la transformation d&#039;une greffe de cheveux. L&#039;image du haut (&#039;\u00a0AVANT\u00a0&#039;) montre un patient de sexe masculin pr\u00e9sentant un recul de la ligne frontale, prise dans un style clinique et documentaire, avec un \u00e9clairage ambiant doux et un fond sombre neutre. L&#039;image du bas (&#039;\u00a0APR\u00c8S\u00a0&#039;) montre le m\u00eame patient avec une ligne frontale nettement restaur\u00e9e et plus fournie, et une chevelure plus dense, prise sous un \u00e9clairage frontal clinique et uniforme, sur un fond blanc cass\u00e9 uni. Les deux images se concentrent sur l&#039;anatomie du cuir chevelu et de la ligne frontale, conservant un cadrage moyen constant, caract\u00e9ris\u00e9 par des d\u00e9tails cliniques nets et haute r\u00e9solution, typiques de l&#039;imagerie m\u00e9dicale pour les r\u00e9sultats de la restauration capillaire. L&#039;esth\u00e9tique est strictement utilitaire et documentaire, mettant en \u00e9vidence les changements physiologiques de densit\u00e9 capillaire et de positionnement des follicules sans embellissements stylistiques tels que la transpiration, les textures de tissu ou un \u00e9clairage dramatique de type film noir.\" srcset=\"https:\/\/hairtrans.com\/wp-content\/uploads\/2025\/08\/15-1024x1024.jpg 1024w, https:\/\/hairtrans.com\/wp-content\/uploads\/2025\/08\/15-300x300.jpg 300w, https:\/\/hairtrans.com\/wp-content\/uploads\/2025\/08\/15-150x150.jpg 150w, https:\/\/hairtrans.com\/wp-content\/uploads\/2025\/08\/15-768x768.jpg 768w, https:\/\/hairtrans.com\/wp-content\/uploads\/2025\/08\/15-12x12.jpg 12w, https:\/\/hairtrans.com\/wp-content\/uploads\/2025\/08\/15.jpg 1080w\" sizes=\"(max-width: 1024px) 100vw, 1024px\" \/><\/a>\n\t\t\t<\/div><\/figure><figure class='gallery-item'>\n\t\t\t<div class='gallery-icon landscape'>\n\t\t\t\t<a data-elementor-open-lightbox=\"yes\" data-elementor-lightbox-slideshow=\"cd0074c\" data-elementor-lightbox-title=\"14\" data-e-action-hash=\"#elementor-action%3Aaction%3Dlightbox%26settings%3DeyJpZCI6MTk4NCwidXJsIjoiaHR0cHM6XC9cL2hhaXJ0cmFucy5jb21cL3dwLWNvbnRlbnRcL3VwbG9hZHNcLzIwMjVcLzA4XC8xNC5qcGciLCJzbGlkZXNob3ciOiJjZDAwNzRjIn0%3D\" href=\"https:\/\/hairtrans.com\/wp-content\/uploads\/2025\/08\/14.jpg\"><img decoding=\"async\" width=\"1024\" height=\"1024\" src=\"https:\/\/hairtrans.com\/wp-content\/uploads\/2025\/08\/14-1024x1024.jpg\" class=\"attachment-large size-large\" alt=\"Une photographie comparative clinique hyperr\u00e9aliste, en \u00e9cran partag\u00e9, documentant la transformation d&#039;une greffe de cheveux. Le panneau sup\u00e9rieur &#039;\u00a0AVANT\u00a0&#039; capture un profil avec un objectif macro de 100\u00a0mm, mettant l&#039;accent sur une ligne frontale recul\u00e9e et des cheveux clairsem\u00e9s, ch\u00e2tain clair, tir\u00e9s en arri\u00e8re en un petit chignon, r\u00e9v\u00e9lant la densit\u00e9 du cuir chevelu avant l&#039;intervention. Le panneau inf\u00e9rieur &#039;\u00a0APR\u00c8S\u00a0&#039; pr\u00e9sente le r\u00e9sultat avec une nettet\u00e9 haute r\u00e9solution, soulignant une densit\u00e9 folliculaire consid\u00e9rablement accrue et une ligne frontale restaur\u00e9e, d&#039;apparence naturelle. L&#039;\u00e9clairage neutre, de type studio professionnel, assure une visibilit\u00e9 optimale de la texture des cheveux et du cuir chevelu. La composition est \u00e9pur\u00e9e, le sujet se d\u00e9tachant sur un fond uni et neutre pour mettre en valeur le r\u00e9sultat m\u00e9dico-esth\u00e9tique et la restauration folliculaire.\" srcset=\"https:\/\/hairtrans.com\/wp-content\/uploads\/2025\/08\/14-1024x1024.jpg 1024w, https:\/\/hairtrans.com\/wp-content\/uploads\/2025\/08\/14-300x300.jpg 300w, https:\/\/hairtrans.com\/wp-content\/uploads\/2025\/08\/14-150x150.jpg 150w, https:\/\/hairtrans.com\/wp-content\/uploads\/2025\/08\/14-768x768.jpg 768w, https:\/\/hairtrans.com\/wp-content\/uploads\/2025\/08\/14-12x12.jpg 12w, https:\/\/hairtrans.com\/wp-content\/uploads\/2025\/08\/14.jpg 1080w\" sizes=\"(max-width: 1024px) 100vw, 1024px\" \/><\/a>\n\t\t\t<\/div><\/figure><figure class='gallery-item'>\n\t\t\t<div class='gallery-icon landscape'>\n\t\t\t\t<a data-elementor-open-lightbox=\"yes\" data-elementor-lightbox-slideshow=\"cd0074c\" data-elementor-lightbox-title=\"13\" data-e-action-hash=\"#elementor-action%3Aaction%3Dlightbox%26settings%3DeyJpZCI6MTk4MywidXJsIjoiaHR0cHM6XC9cL2hhaXJ0cmFucy5jb21cL3dwLWNvbnRlbnRcL3VwbG9hZHNcLzIwMjVcLzA4XC8xMy5qcGciLCJzbGlkZXNob3ciOiJjZDAwNzRjIn0%3D\" href=\"https:\/\/hairtrans.com\/wp-content\/uploads\/2025\/08\/13.jpg\"><img loading=\"lazy\" decoding=\"async\" width=\"1024\" height=\"1024\" src=\"https:\/\/hairtrans.com\/wp-content\/uploads\/2025\/08\/13-1024x1024.jpg\" class=\"attachment-large size-large\" alt=\"Image comparative clinique avant\/apr\u00e8s illustrant la transformation d&#039;une greffe de cheveux. Prise en imagerie num\u00e9rique haute fid\u00e9lit\u00e9, la photographie utilise un \u00e9clairage direct et net, typique de la documentation m\u00e9dicale, pour mettre en \u00e9vidence les changements structurels. L&#039;image &#039;\u00a0Avant\u00a0&#039; montre une calvitie naissante chez un homme, sur un fond gris fonc\u00e9 neutre, tandis que l&#039;image &#039;\u00a0Apr\u00e8s\u00a0&#039;, sur un fond blanc st\u00e9rile, r\u00e9v\u00e8le la densit\u00e9 folliculaire restaur\u00e9e. La nettet\u00e9 est au rendez-vous pour les unit\u00e9s folliculaires et la texture du cuir chevelu, soulignant la pr\u00e9cision chirurgicale de la restauration. La composition, en plan divis\u00e9 vertical, offre une esth\u00e9tique neutre et informative, id\u00e9ale pour la pr\u00e9sentation d&#039;un portfolio m\u00e9dical et esth\u00e9tique professionnel.\" srcset=\"https:\/\/hairtrans.com\/wp-content\/uploads\/2025\/08\/13-1024x1024.jpg 1024w, https:\/\/hairtrans.com\/wp-content\/uploads\/2025\/08\/13-300x300.jpg 300w, https:\/\/hairtrans.com\/wp-content\/uploads\/2025\/08\/13-150x150.jpg 150w, https:\/\/hairtrans.com\/wp-content\/uploads\/2025\/08\/13-768x768.jpg 768w, https:\/\/hairtrans.com\/wp-content\/uploads\/2025\/08\/13-12x12.jpg 12w, https:\/\/hairtrans.com\/wp-content\/uploads\/2025\/08\/13.jpg 1080w\" sizes=\"(max-width: 1024px) 100vw, 1024px\" \/><\/a>\n\t\t\t<\/div><\/figure><figure class='gallery-item'>\n\t\t\t<div class='gallery-icon landscape'>\n\t\t\t\t<a data-elementor-open-lightbox=\"yes\" data-elementor-lightbox-slideshow=\"cd0074c\" data-elementor-lightbox-title=\"12\" data-e-action-hash=\"#elementor-action%3Aaction%3Dlightbox%26settings%3DeyJpZCI6MTk4MiwidXJsIjoiaHR0cHM6XC9cL2hhaXJ0cmFucy5jb21cL3dwLWNvbnRlbnRcL3VwbG9hZHNcLzIwMjVcLzA4XC8xMi5qcGciLCJzbGlkZXNob3ciOiJjZDAwNzRjIn0%3D\" href=\"https:\/\/hairtrans.com\/wp-content\/uploads\/2025\/08\/12.jpg\"><img loading=\"lazy\" decoding=\"async\" width=\"1024\" height=\"1024\" src=\"https:\/\/hairtrans.com\/wp-content\/uploads\/2025\/08\/12-1024x1024.jpg\" class=\"attachment-large size-large\" alt=\"Image comparative en \u00e9cran partag\u00e9 documentant une greffe de cheveux. Le panneau sup\u00e9rieur &#039;\u00a0AVANT\u00a0&#039; montre une personne avec une ligne frontale d\u00e9garnie et des cheveux textur\u00e9s et l\u00e9g\u00e8rement fris\u00e9s, sous un \u00e9clairage uniforme. Le panneau inf\u00e9rieur &#039;\u00a0APR\u00c8S\u00a0&#039;, pris dans un style clinique, pr\u00e9sente une densit\u00e9 capillaire am\u00e9lior\u00e9e et une ligne frontale redessin\u00e9e, mises en valeur par un l\u00e9ger contour qui accentue la texture des cheveux et l&#039;\u00e9clat du teint. La composition est centr\u00e9e sur le haut du visage et le front, dans un style photographique m\u00e9dical \u00e9pur\u00e9, diagnostique et professionnel, courant dans la documentation de la chirurgie esth\u00e9tique. L&#039;\u00e9clairage de la section &#039;\u00a0APR\u00c8S\u00a0&#039; cr\u00e9e une douce luminosit\u00e9, soulignant la transition harmonieuse et le volume accru des cheveux sur un fond neutre, avec le filigrane &#039;\u00a0Dr. BFO - Art, Chirurgie &amp; Beaut\u00e9\u00a0&#039;.\" srcset=\"https:\/\/hairtrans.com\/wp-content\/uploads\/2025\/08\/12-1024x1024.jpg 1024w, https:\/\/hairtrans.com\/wp-content\/uploads\/2025\/08\/12-300x300.jpg 300w, https:\/\/hairtrans.com\/wp-content\/uploads\/2025\/08\/12-150x150.jpg 150w, https:\/\/hairtrans.com\/wp-content\/uploads\/2025\/08\/12-768x768.jpg 768w, https:\/\/hairtrans.com\/wp-content\/uploads\/2025\/08\/12-12x12.jpg 12w, https:\/\/hairtrans.com\/wp-content\/uploads\/2025\/08\/12.jpg 1080w\" sizes=\"(max-width: 1024px) 100vw, 1024px\" \/><\/a>\n\t\t\t<\/div><\/figure><figure class='gallery-item'>\n\t\t\t<div class='gallery-icon landscape'>\n\t\t\t\t<a data-elementor-open-lightbox=\"yes\" data-elementor-lightbox-slideshow=\"cd0074c\" data-elementor-lightbox-title=\"11\" data-e-action-hash=\"#elementor-action%3Aaction%3Dlightbox%26settings%3DeyJpZCI6MTk4MSwidXJsIjoiaHR0cHM6XC9cL2hhaXJ0cmFucy5jb21cL3dwLWNvbnRlbnRcL3VwbG9hZHNcLzIwMjVcLzA4XC8xMS5qcGciLCJzbGlkZXNob3ciOiJjZDAwNzRjIn0%3D\" href=\"https:\/\/hairtrans.com\/wp-content\/uploads\/2025\/08\/11.jpg\"><img loading=\"lazy\" decoding=\"async\" width=\"1024\" height=\"1024\" src=\"https:\/\/hairtrans.com\/wp-content\/uploads\/2025\/08\/11-1024x1024.jpg\" class=\"attachment-large size-large\" alt=\"Une comparaison clinique c\u00f4te \u00e0 c\u00f4te, divis\u00e9e horizontalement, illustre le r\u00e9sultat d&#039;une restauration capillaire. La partie &#039;\u00a0Avant\u00a0&#039; montre le haut du front, avec un \u00e9claircissement capillaire visible et une raie \u00e9largie, la texture du cuir chevelu \u00e9tant mise au point avec pr\u00e9cision. La partie &#039;\u00a0Apr\u00e8s\u00a0&#039; pr\u00e9sente une reconstruction de la ligne frontale dense et naturelle, avec un placement folliculaire optimis\u00e9. Prise avec un objectif macro de qualit\u00e9 m\u00e9dicale \u00e0 haute r\u00e9solution et \u00e0 une focale ultra-nette, l&#039;image b\u00e9n\u00e9ficie d&#039;un \u00e9clairage doux et neutre qui souligne la fid\u00e9lit\u00e9 du teint et la densit\u00e9 des cheveux. La composition met l&#039;accent sur la transition trichologique, soulignant le volume restaur\u00e9 et l&#039;int\u00e9grit\u00e9 structurelle de la ligne frontale sur un fond minimaliste et professionnel. L&#039;image conserve une qualit\u00e9 m\u00e9dico-\u00e9ditoriale \u00e9pur\u00e9e et esth\u00e9tique, mettant l&#039;accent sur la nettet\u00e9 des pores et la d\u00e9finition de la tige capillaire sans artifices.\" srcset=\"https:\/\/hairtrans.com\/wp-content\/uploads\/2025\/08\/11-1024x1024.jpg 1024w, https:\/\/hairtrans.com\/wp-content\/uploads\/2025\/08\/11-300x300.jpg 300w, https:\/\/hairtrans.com\/wp-content\/uploads\/2025\/08\/11-150x150.jpg 150w, https:\/\/hairtrans.com\/wp-content\/uploads\/2025\/08\/11-768x768.jpg 768w, https:\/\/hairtrans.com\/wp-content\/uploads\/2025\/08\/11-12x12.jpg 12w, https:\/\/hairtrans.com\/wp-content\/uploads\/2025\/08\/11.jpg 1080w\" sizes=\"(max-width: 1024px) 100vw, 1024px\" \/><\/a>\n\t\t\t<\/div><\/figure><figure class='gallery-item'>\n\t\t\t<div class='gallery-icon landscape'>\n\t\t\t\t<a data-elementor-open-lightbox=\"yes\" data-elementor-lightbox-slideshow=\"cd0074c\" data-elementor-lightbox-title=\"10\" data-e-action-hash=\"#elementor-action%3Aaction%3Dlightbox%26settings%3DeyJpZCI6MTk4MCwidXJsIjoiaHR0cHM6XC9cL2hhaXJ0cmFucy5jb21cL3dwLWNvbnRlbnRcL3VwbG9hZHNcLzIwMjVcLzA4XC8xMC5qcGciLCJzbGlkZXNob3ciOiJjZDAwNzRjIn0%3D\" href=\"https:\/\/hairtrans.com\/wp-content\/uploads\/2025\/08\/10.jpg\"><img loading=\"lazy\" decoding=\"async\" width=\"1024\" height=\"1024\" src=\"https:\/\/hairtrans.com\/wp-content\/uploads\/2025\/08\/10-1024x1024.jpg\" class=\"attachment-large size-large\" alt=\"Comparaison m\u00e9dicale en \u00e9cran partag\u00e9 du r\u00e9sultat d&#039;une greffe de cheveux chez un homme. Le panneau sup\u00e9rieur &#039;\u00a0AVANT\u00a0&#039; montre un homme pr\u00e9sentant un \u00e9claircissement capillaire marqu\u00e9 et un recul de la ligne frontale sur un fond sombre et uni. Le panneau inf\u00e9rieur &#039;\u00a0APR\u00c8S\u00a0&#039; pr\u00e9sente la ligne frontale restaur\u00e9e, avec une densit\u00e9 capillaire accrue et une couverture naturelle, le tout pris dans un studio m\u00e9dical. Les images, probablement prises avec un objectif macro, mettent l&#039;accent sur les d\u00e9tails folliculaires et la couverture du cuir chevelu, sous un \u00e9clairage neutre et uniforme qui souligne l&#039;efficacit\u00e9 de la proc\u00e9dure. L&#039;atmosph\u00e8re g\u00e9n\u00e9rale est professionnelle, clinique et documentaire, avec une esth\u00e9tique nette et haute r\u00e9solution con\u00e7ue pour la pr\u00e9sentation d&#039;un portfolio m\u00e9dical.\" srcset=\"https:\/\/hairtrans.com\/wp-content\/uploads\/2025\/08\/10-1024x1024.jpg 1024w, https:\/\/hairtrans.com\/wp-content\/uploads\/2025\/08\/10-300x300.jpg 300w, https:\/\/hairtrans.com\/wp-content\/uploads\/2025\/08\/10-150x150.jpg 150w, https:\/\/hairtrans.com\/wp-content\/uploads\/2025\/08\/10-768x768.jpg 768w, https:\/\/hairtrans.com\/wp-content\/uploads\/2025\/08\/10-12x12.jpg 12w, https:\/\/hairtrans.com\/wp-content\/uploads\/2025\/08\/10.jpg 1080w\" sizes=\"(max-width: 1024px) 100vw, 1024px\" \/><\/a>\n\t\t\t<\/div><\/figure><figure class='gallery-item'>\n\t\t\t<div class='gallery-icon landscape'>\n\t\t\t\t<a data-elementor-open-lightbox=\"yes\" data-elementor-lightbox-slideshow=\"cd0074c\" data-elementor-lightbox-title=\"9\" data-e-action-hash=\"#elementor-action%3Aaction%3Dlightbox%26settings%3DeyJpZCI6MTk3OSwidXJsIjoiaHR0cHM6XC9cL2hhaXJ0cmFucy5jb21cL3dwLWNvbnRlbnRcL3VwbG9hZHNcLzIwMjVcLzA4XC85LmpwZyIsInNsaWRlc2hvdyI6ImNkMDA3NGMifQ%3D%3D\" href=\"https:\/\/hairtrans.com\/wp-content\/uploads\/2025\/08\/9.jpg\"><img loading=\"lazy\" decoding=\"async\" width=\"1024\" height=\"1024\" src=\"https:\/\/hairtrans.com\/wp-content\/uploads\/2025\/08\/9-1024x1024.jpg\" class=\"attachment-large size-large\" alt=\"Image comparative clinique en \u00e9cran partag\u00e9, intitul\u00e9e &#039; AVANT &#039; et &#039; APR\u00c8S &#039;, documentant une intervention de greffe de cheveux de profil. La photo a \u00e9t\u00e9 prise en photographie clinique haute r\u00e9solution, \u00e0 l&#039;aide d&#039;un objectif portrait standard afin de pr\u00e9server les proportions du visage. L&#039;\u00e9clairage, fonctionnel et uniforme, a \u00e9t\u00e9 con\u00e7u pour minimiser les ombres et mettre en \u00e9vidence la densit\u00e9 capillaire et la couverture du cuir chevelu. Le sujet est une personne aux cheveux fonc\u00e9s et ondul\u00e9s, photographi\u00e9e sur un fond sombre neutre pour isoler la transformation de la ligne frontale. La mise au point est pr\u00e9cise sur la zone temporo-frontale, soulignant le contraste de densit\u00e9 des follicules pileux et la restauration d&#039;une ligne frontale naturelle et harmonieuse. L&#039;esth\u00e9tique est purement professionnelle et m\u00e9dicale, privil\u00e9giant la clart\u00e9 objective et la documentation clinique aux effets artistiques et stylis\u00e9s.\" srcset=\"https:\/\/hairtrans.com\/wp-content\/uploads\/2025\/08\/9-1024x1024.jpg 1024w, https:\/\/hairtrans.com\/wp-content\/uploads\/2025\/08\/9-300x300.jpg 300w, https:\/\/hairtrans.com\/wp-content\/uploads\/2025\/08\/9-150x150.jpg 150w, https:\/\/hairtrans.com\/wp-content\/uploads\/2025\/08\/9-768x768.jpg 768w, https:\/\/hairtrans.com\/wp-content\/uploads\/2025\/08\/9-12x12.jpg 12w, https:\/\/hairtrans.com\/wp-content\/uploads\/2025\/08\/9.jpg 1080w\" sizes=\"(max-width: 1024px) 100vw, 1024px\" \/><\/a>\n\t\t\t<\/div><\/figure><figure class='gallery-item'>\n\t\t\t<div class='gallery-icon landscape'>\n\t\t\t\t<a data-elementor-open-lightbox=\"yes\" data-elementor-lightbox-slideshow=\"cd0074c\" data-elementor-lightbox-title=\"8\" data-e-action-hash=\"#elementor-action%3Aaction%3Dlightbox%26settings%3DeyJpZCI6MTk3OCwidXJsIjoiaHR0cHM6XC9cL2hhaXJ0cmFucy5jb21cL3dwLWNvbnRlbnRcL3VwbG9hZHNcLzIwMjVcLzA4XC84LmpwZyIsInNsaWRlc2hvdyI6ImNkMDA3NGMifQ%3D%3D\" href=\"https:\/\/hairtrans.com\/wp-content\/uploads\/2025\/08\/8.jpg\"><img loading=\"lazy\" decoding=\"async\" width=\"1024\" height=\"1024\" src=\"https:\/\/hairtrans.com\/wp-content\/uploads\/2025\/08\/8-1024x1024.jpg\" class=\"attachment-large size-large\" alt=\"Comparaison clinique professionnelle &#039; avant\/apr\u00e8s &#039; r\u00e9alis\u00e9e \u00e0 l&#039;aide d&#039;un objectif macro haute r\u00e9solution et \u00e0 mise au point pr\u00e9cise, mettant en \u00e9vidence les d\u00e9tails folliculaires. L&#039;\u00e9clairage, clinique et uniforme, offre une vue nette et sans ombre de la transition de la ligne frontale. Le sujet, un homme, pr\u00e9sente une transformation notable de la densit\u00e9 capillaire\u00a0: l&#039;image &#039;\u00a0avant\u00a0&#039; du haut montre une ligne frontale clairsem\u00e9e et recul\u00e9e, tandis que l&#039;image &#039;\u00a0apr\u00e8s\u00a0&#039; du bas r\u00e9v\u00e8le une restauration de la ligne frontale nettement plus fournie et dense. La texture des cheveux est captur\u00e9e avec une pr\u00e9cision hyperr\u00e9aliste, permettant d&#039;examiner l&#039;int\u00e9gration des greffons et la couverture naturelle du cuir chevelu. La peau reste neutre et mate, sans \u00e9clairage artificiel ni transpiration, conservant une esth\u00e9tique m\u00e9dicale et st\u00e9rile sur un fond sobre, sombre et discret, qui concentre toute l&#039;attention sur l&#039;am\u00e9lioration esth\u00e9tique de la ligne frontale.\" srcset=\"https:\/\/hairtrans.com\/wp-content\/uploads\/2025\/08\/8-1024x1024.jpg 1024w, https:\/\/hairtrans.com\/wp-content\/uploads\/2025\/08\/8-300x300.jpg 300w, https:\/\/hairtrans.com\/wp-content\/uploads\/2025\/08\/8-150x150.jpg 150w, https:\/\/hairtrans.com\/wp-content\/uploads\/2025\/08\/8-768x768.jpg 768w, https:\/\/hairtrans.com\/wp-content\/uploads\/2025\/08\/8-12x12.jpg 12w, https:\/\/hairtrans.com\/wp-content\/uploads\/2025\/08\/8.jpg 1080w\" sizes=\"(max-width: 1024px) 100vw, 1024px\" \/><\/a>\n\t\t\t<\/div><\/figure><figure class='gallery-item'>\n\t\t\t<div class='gallery-icon landscape'>\n\t\t\t\t<a data-elementor-open-lightbox=\"yes\" data-elementor-lightbox-slideshow=\"cd0074c\" data-elementor-lightbox-title=\"7\" data-e-action-hash=\"#elementor-action%3Aaction%3Dlightbox%26settings%3DeyJpZCI6MTk3NywidXJsIjoiaHR0cHM6XC9cL2hhaXJ0cmFucy5jb21cL3dwLWNvbnRlbnRcL3VwbG9hZHNcLzIwMjVcLzA4XC83LmpwZyIsInNsaWRlc2hvdyI6ImNkMDA3NGMifQ%3D%3D\" href=\"https:\/\/hairtrans.com\/wp-content\/uploads\/2025\/08\/7.jpg\"><img loading=\"lazy\" decoding=\"async\" width=\"1024\" height=\"1024\" src=\"https:\/\/hairtrans.com\/wp-content\/uploads\/2025\/08\/7-1024x1024.jpg\" class=\"attachment-large size-large\" alt=\"Comparaison clinique en \u00e9cran partag\u00e9 d&#039;une intervention de restauration capillaire. L&#039;image sup\u00e9rieure &#039;\u00a0AVANT\u00a0&#039; montre une ligne frontale naturelle, l\u00e9g\u00e8rement recul\u00e9e, avec des cheveux fonc\u00e9s tir\u00e9s en arri\u00e8re. L&#039;image inf\u00e9rieure &#039;\u00a0APR\u00c8S\u00a0&#039;, captur\u00e9e en haute fid\u00e9lit\u00e9 avec une mise au point macro, met en \u00e9vidence la densit\u00e9 pr\u00e9cise et hyperr\u00e9aliste de la ligne frontale reconstruite. L&#039;\u00e9clairage, clinique et direct, accentue la texture de la peau et le placement minutieux des nouvelles unit\u00e9s folliculaires. Une main aux ongles manucur\u00e9s et portant une bague m\u00e9tallique repose d\u00e9licatement sur le front, sugg\u00e9rant une interaction humaine et une \u00e9chelle humaine. La composition, strictement fonctionnelle et m\u00e9dico-esth\u00e9tique, met l&#039;accent sur la transition harmonieuse et naturelle de la nouvelle ligne frontale avec la peau, rendue avec une nettet\u00e9 professionnelle pour t\u00e9moigner du savoir-faire chirurgical.\" srcset=\"https:\/\/hairtrans.com\/wp-content\/uploads\/2025\/08\/7-1024x1024.jpg 1024w, https:\/\/hairtrans.com\/wp-content\/uploads\/2025\/08\/7-300x300.jpg 300w, https:\/\/hairtrans.com\/wp-content\/uploads\/2025\/08\/7-150x150.jpg 150w, https:\/\/hairtrans.com\/wp-content\/uploads\/2025\/08\/7-768x768.jpg 768w, https:\/\/hairtrans.com\/wp-content\/uploads\/2025\/08\/7-12x12.jpg 12w, https:\/\/hairtrans.com\/wp-content\/uploads\/2025\/08\/7.jpg 1080w\" sizes=\"(max-width: 1024px) 100vw, 1024px\" \/><\/a>\n\t\t\t<\/div><\/figure><figure class='gallery-item'>\n\t\t\t<div class='gallery-icon landscape'>\n\t\t\t\t<a data-elementor-open-lightbox=\"yes\" data-elementor-lightbox-slideshow=\"cd0074c\" data-elementor-lightbox-title=\"6\" data-e-action-hash=\"#elementor-action%3Aaction%3Dlightbox%26settings%3DeyJpZCI6MTk3NiwidXJsIjoiaHR0cHM6XC9cL2hhaXJ0cmFucy5jb21cL3dwLWNvbnRlbnRcL3VwbG9hZHNcLzIwMjVcLzA4XC82LmpwZyIsInNsaWRlc2hvdyI6ImNkMDA3NGMifQ%3D%3D\" href=\"https:\/\/hairtrans.com\/wp-content\/uploads\/2025\/08\/6.jpg\"><img loading=\"lazy\" decoding=\"async\" width=\"1024\" height=\"1024\" src=\"https:\/\/hairtrans.com\/wp-content\/uploads\/2025\/08\/6-1024x1024.jpg\" class=\"attachment-large size-large\" alt=\"Une image comparative en \u00e9cran partag\u00e9 documente une intervention de greffe de cheveux. Le panneau &#039;\u00a0AVANT\u00a0&#039; pr\u00e9sente le profil d&#039;une femme, avec une ligne frontale clairsem\u00e9e, photographi\u00e9e dans un style naturel et l\u00e9g\u00e8rement flou. Le panneau &#039;\u00a0APR\u00c8S\u00a0&#039;, d&#039;une nettet\u00e9 haute d\u00e9finition, propose un gros plan macro de la ligne frontale de la m\u00eame personne, r\u00e9v\u00e9lant une repousse dense et saine. L&#039;\u00e9clairage du cadre &#039;\u00a0APR\u00c8S\u00a0&#039;, net et pr\u00e9cis, met en valeur la texture des follicules pileux et la surface naturelle de la peau. Une main \u00e9carte d\u00e9licatement les cheveux pour illustrer la couverture, soulignant un r\u00e9sultat soign\u00e9 et professionnel. La composition est structur\u00e9e comme un r\u00e9cit de transformation m\u00e9dicale, sur un fond neutre et \u00e9pur\u00e9, mettant l&#039;accent sur la pr\u00e9cision m\u00e9dicale et la restauration esth\u00e9tique.\" srcset=\"https:\/\/hairtrans.com\/wp-content\/uploads\/2025\/08\/6-1024x1024.jpg 1024w, https:\/\/hairtrans.com\/wp-content\/uploads\/2025\/08\/6-300x300.jpg 300w, https:\/\/hairtrans.com\/wp-content\/uploads\/2025\/08\/6-150x150.jpg 150w, https:\/\/hairtrans.com\/wp-content\/uploads\/2025\/08\/6-768x768.jpg 768w, https:\/\/hairtrans.com\/wp-content\/uploads\/2025\/08\/6-12x12.jpg 12w, https:\/\/hairtrans.com\/wp-content\/uploads\/2025\/08\/6.jpg 1080w\" sizes=\"(max-width: 1024px) 100vw, 1024px\" \/><\/a>\n\t\t\t<\/div><\/figure><figure class='gallery-item'>\n\t\t\t<div class='gallery-icon landscape'>\n\t\t\t\t<a data-elementor-open-lightbox=\"yes\" data-elementor-lightbox-slideshow=\"cd0074c\" data-elementor-lightbox-title=\"5\" data-e-action-hash=\"#elementor-action%3Aaction%3Dlightbox%26settings%3DeyJpZCI6MTk3NSwidXJsIjoiaHR0cHM6XC9cL2hhaXJ0cmFucy5jb21cL3dwLWNvbnRlbnRcL3VwbG9hZHNcLzIwMjVcLzA4XC81LmpwZyIsInNsaWRlc2hvdyI6ImNkMDA3NGMifQ%3D%3D\" href=\"https:\/\/hairtrans.com\/wp-content\/uploads\/2025\/08\/5.jpg\"><img loading=\"lazy\" decoding=\"async\" width=\"1024\" height=\"1024\" src=\"https:\/\/hairtrans.com\/wp-content\/uploads\/2025\/08\/5-1024x1024.jpg\" class=\"attachment-large size-large\" alt=\"Comparaison en \u00e9cran partag\u00e9 d&#039;une proc\u00e9dure de restauration capillaire. L&#039;image &#039;\u00a0AVANT\u00a0&#039; montre une ligne frontale clairsem\u00e9e et haute, laissant appara\u00eetre le cuir chevelu. L&#039;image &#039;\u00a0APR\u00c8S\u00a0&#039;, captur\u00e9e avec une nettet\u00e9 clinique, r\u00e9v\u00e8le une ligne frontale dense et naturelle, avec un placement pr\u00e9cis des follicules, sublim\u00e9 par un \u00e9clairage ambiant doux qui met en valeur la brillance saine et la transition harmonieuse des cheveux restaur\u00e9s. L&#039;accent est mis sur le cuir chevelu et la structure osseuse frontale, offrant une transformation m\u00e9dico-esth\u00e9tique objective et de haute r\u00e9solution.\" srcset=\"https:\/\/hairtrans.com\/wp-content\/uploads\/2025\/08\/5-1024x1024.jpg 1024w, https:\/\/hairtrans.com\/wp-content\/uploads\/2025\/08\/5-300x300.jpg 300w, https:\/\/hairtrans.com\/wp-content\/uploads\/2025\/08\/5-150x150.jpg 150w, https:\/\/hairtrans.com\/wp-content\/uploads\/2025\/08\/5-768x768.jpg 768w, https:\/\/hairtrans.com\/wp-content\/uploads\/2025\/08\/5-12x12.jpg 12w, https:\/\/hairtrans.com\/wp-content\/uploads\/2025\/08\/5.jpg 1080w\" sizes=\"(max-width: 1024px) 100vw, 1024px\" \/><\/a>\n\t\t\t<\/div><\/figure><figure class='gallery-item'>\n\t\t\t<div class='gallery-icon landscape'>\n\t\t\t\t<a data-elementor-open-lightbox=\"yes\" data-elementor-lightbox-slideshow=\"cd0074c\" data-elementor-lightbox-title=\"4\" data-e-action-hash=\"#elementor-action%3Aaction%3Dlightbox%26settings%3DeyJpZCI6MTk3NCwidXJsIjoiaHR0cHM6XC9cL2hhaXJ0cmFucy5jb21cL3dwLWNvbnRlbnRcL3VwbG9hZHNcLzIwMjVcLzA4XC80LmpwZyIsInNsaWRlc2hvdyI6ImNkMDA3NGMifQ%3D%3D\" href=\"https:\/\/hairtrans.com\/wp-content\/uploads\/2025\/08\/4.jpg\"><img loading=\"lazy\" decoding=\"async\" width=\"1024\" height=\"1024\" src=\"https:\/\/hairtrans.com\/wp-content\/uploads\/2025\/08\/4-1024x1024.jpg\" class=\"attachment-large size-large\" alt=\"Une photographie comparative clinique en \u00e9cran partag\u00e9 illustre la transformation d&#039;une greffe de cheveux. Le panneau &#039;\u00a0Avant\u00a0&#039;, pris dans un studio standard avec un \u00e9clairage doux et \u00e9quilibr\u00e9, r\u00e9v\u00e8le un patient pr\u00e9sentant un recul de la ligne frontale et un vertex clairsem\u00e9. Le panneau &#039;\u00a0Apr\u00e8s\u00a0&#039;, affichant les r\u00e9sultats post-op\u00e9ratoires, est captur\u00e9 avec une nettet\u00e9 haute r\u00e9solution, mettant en \u00e9vidence la reconstruction capillaire affin\u00e9e et dense. Les deux panneaux sont cadr\u00e9s de mani\u00e8re \u00e0 souligner le profil du patient, offrant une esth\u00e9tique neutre, de type documentaire. La nettet\u00e9 de l&#039;image met en valeur le changement physiologique de la densit\u00e9 folliculaire et de la couverture du cuir chevelu, sur un fond clinique et pratique, typique de la documentation m\u00e9dicale. La qualit\u00e9 d&#039;image est impeccable, pr\u00e9servant la fid\u00e9lit\u00e9 anatomique pour illustrer l&#039;efficacit\u00e9 de l&#039;intervention chirurgicale sans recourir \u00e0 des techniques d&#039;\u00e9clairage studio stylis\u00e9es, hyperr\u00e9alistes ou artificielles.\" srcset=\"https:\/\/hairtrans.com\/wp-content\/uploads\/2025\/08\/4-1024x1024.jpg 1024w, https:\/\/hairtrans.com\/wp-content\/uploads\/2025\/08\/4-300x300.jpg 300w, https:\/\/hairtrans.com\/wp-content\/uploads\/2025\/08\/4-150x150.jpg 150w, https:\/\/hairtrans.com\/wp-content\/uploads\/2025\/08\/4-768x768.jpg 768w, https:\/\/hairtrans.com\/wp-content\/uploads\/2025\/08\/4-12x12.jpg 12w, https:\/\/hairtrans.com\/wp-content\/uploads\/2025\/08\/4.jpg 1080w\" sizes=\"(max-width: 1024px) 100vw, 1024px\" \/><\/a>\n\t\t\t<\/div><\/figure><figure class='gallery-item'>\n\t\t\t<div class='gallery-icon landscape'>\n\t\t\t\t<a data-elementor-open-lightbox=\"yes\" data-elementor-lightbox-slideshow=\"cd0074c\" data-elementor-lightbox-title=\"3\" data-e-action-hash=\"#elementor-action%3Aaction%3Dlightbox%26settings%3DeyJpZCI6MTk3MywidXJsIjoiaHR0cHM6XC9cL2hhaXJ0cmFucy5jb21cL3dwLWNvbnRlbnRcL3VwbG9hZHNcLzIwMjVcLzA4XC8zLmpwZyIsInNsaWRlc2hvdyI6ImNkMDA3NGMifQ%3D%3D\" href=\"https:\/\/hairtrans.com\/wp-content\/uploads\/2025\/08\/3.jpg\"><img loading=\"lazy\" decoding=\"async\" width=\"1024\" height=\"1024\" src=\"https:\/\/hairtrans.com\/wp-content\/uploads\/2025\/08\/3-1024x1024.jpg\" class=\"attachment-large size-large\" alt=\"Photographie comparative m\u00e9dicale professionnelle en \u00e9cran partag\u00e9 documentant une intervention de restauration capillaire. L&#039;image sup\u00e9rieure, intitul\u00e9e &#039;\u00a0AVANT\u00a0&#039;, pr\u00e9sente une vue clinique, sous \u00e9clairage direct, d&#039;une ligne frontale clairsem\u00e9e sur fond neutre, captur\u00e9e avec une nettet\u00e9 optimale pour mettre en \u00e9vidence la densit\u00e9 folliculaire initiale. L&#039;image inf\u00e9rieure, intitul\u00e9e &#039;\u00a0APR\u00c8S\u00a0&#039;, offre une perspective rapproch\u00e9e et sur\u00e9lev\u00e9e de la ligne frontale am\u00e9lior\u00e9e, avec une esth\u00e9tique naturelle et douce qui souligne la densit\u00e9 accrue et le style raffin\u00e9. L&#039;\u00e9clairage de la photo &#039;\u00a0APR\u00c8S\u00a0&#039; est plus chaud et plus doux, mettant en valeur l&#039;int\u00e9gration de la ligne frontale restaur\u00e9e au cuir chevelu, la main du sujet encadrant subtilement les cheveux. Les deux images sont r\u00e9alis\u00e9es avec une clart\u00e9 de haute fid\u00e9lit\u00e9, de qualit\u00e9 m\u00e9dicale, mettant l&#039;accent sur la texture, la pigmentation et la transformation structurelle des follicules pileux par rapport \u00e0 la peau, pour un rendu soign\u00e9 et professionnel, id\u00e9al pour la documentation esth\u00e9tique clinique.\" srcset=\"https:\/\/hairtrans.com\/wp-content\/uploads\/2025\/08\/3-1024x1024.jpg 1024w, https:\/\/hairtrans.com\/wp-content\/uploads\/2025\/08\/3-300x300.jpg 300w, https:\/\/hairtrans.com\/wp-content\/uploads\/2025\/08\/3-150x150.jpg 150w, https:\/\/hairtrans.com\/wp-content\/uploads\/2025\/08\/3-768x768.jpg 768w, https:\/\/hairtrans.com\/wp-content\/uploads\/2025\/08\/3-12x12.jpg 12w, https:\/\/hairtrans.com\/wp-content\/uploads\/2025\/08\/3.jpg 1080w\" sizes=\"(max-width: 1024px) 100vw, 1024px\" \/><\/a>\n\t\t\t<\/div><\/figure><figure class='gallery-item'>\n\t\t\t<div class='gallery-icon landscape'>\n\t\t\t\t<a data-elementor-open-lightbox=\"yes\" data-elementor-lightbox-slideshow=\"cd0074c\" data-elementor-lightbox-title=\"2\" data-e-action-hash=\"#elementor-action%3Aaction%3Dlightbox%26settings%3DeyJpZCI6MTk3MiwidXJsIjoiaHR0cHM6XC9cL2hhaXJ0cmFucy5jb21cL3dwLWNvbnRlbnRcL3VwbG9hZHNcLzIwMjVcLzA4XC8yLmpwZyIsInNsaWRlc2hvdyI6ImNkMDA3NGMifQ%3D%3D\" href=\"https:\/\/hairtrans.com\/wp-content\/uploads\/2025\/08\/2.jpg\"><img loading=\"lazy\" decoding=\"async\" width=\"1024\" height=\"1024\" src=\"https:\/\/hairtrans.com\/wp-content\/uploads\/2025\/08\/2-1024x1024.jpg\" class=\"attachment-large size-large\" alt=\"Photographie comparative clinique documentant une greffe de cheveux, pr\u00e9sent\u00e9e en format \u00e9cran partag\u00e9 vertical sur fond neutre. L&#039;image &#039;\u00a0AVANT\u00a0&#039; montre une calvitie naissante avec des cheveux bruns, ondul\u00e9s et clairsem\u00e9s. L&#039;image &#039;\u00a0APR\u00c8S\u00a0&#039;, captur\u00e9e avec une nettet\u00e9 exceptionnelle, r\u00e9v\u00e8le une ligne frontale reconstruite et nettement plus dense, avec une implantation naturelle des cheveux. La main de l&#039;examinateur soul\u00e8ve d\u00e9licatement les cheveux pour souligner l&#039;int\u00e9gration du greffon. L&#039;\u00e9clairage, fonctionnel et clinique, est con\u00e7u pour minimiser les ombres et permettre une \u00e9valuation claire et pr\u00e9cise de la densit\u00e9 folliculaire et de la sant\u00e9 du cuir chevelu, dans un style de documentation m\u00e9dicale haute r\u00e9solution et d&#039;une grande nettet\u00e9.\" srcset=\"https:\/\/hairtrans.com\/wp-content\/uploads\/2025\/08\/2-1024x1024.jpg 1024w, https:\/\/hairtrans.com\/wp-content\/uploads\/2025\/08\/2-300x300.jpg 300w, https:\/\/hairtrans.com\/wp-content\/uploads\/2025\/08\/2-150x150.jpg 150w, https:\/\/hairtrans.com\/wp-content\/uploads\/2025\/08\/2-768x768.jpg 768w, https:\/\/hairtrans.com\/wp-content\/uploads\/2025\/08\/2-12x12.jpg 12w, https:\/\/hairtrans.com\/wp-content\/uploads\/2025\/08\/2.jpg 1080w\" sizes=\"(max-width: 1024px) 100vw, 1024px\" \/><\/a>\n\t\t\t<\/div><\/figure><figure class='gallery-item'>\n\t\t\t<div class='gallery-icon landscape'>\n\t\t\t\t<a data-elementor-open-lightbox=\"yes\" data-elementor-lightbox-slideshow=\"cd0074c\" data-elementor-lightbox-title=\"1\" data-e-action-hash=\"#elementor-action%3Aaction%3Dlightbox%26settings%3DeyJpZCI6MTk3MSwidXJsIjoiaHR0cHM6XC9cL2hhaXJ0cmFucy5jb21cL3dwLWNvbnRlbnRcL3VwbG9hZHNcLzIwMjVcLzA4XC8xLmpwZyIsInNsaWRlc2hvdyI6ImNkMDA3NGMifQ%3D%3D\" href=\"https:\/\/hairtrans.com\/wp-content\/uploads\/2025\/08\/1.jpg\"><img loading=\"lazy\" decoding=\"async\" width=\"1024\" height=\"1024\" src=\"https:\/\/hairtrans.com\/wp-content\/uploads\/2025\/08\/1-1024x1024.jpg\" class=\"attachment-large size-large\" alt=\"Comparaison clinique en \u00e9cran partag\u00e9 illustrant la progression d&#039;une greffe de cheveux. Le panneau &#039;\u00a0AVANT\u00a0&#039; pr\u00e9sente une vue plongeante sur une chevelure clairsem\u00e9e, laissant appara\u00eetre le cuir chevelu, sous un \u00e9clairage clinique neutre. Le panneau &#039;\u00a0APR\u00c8S\u00a0&#039;, captur\u00e9 avec une nettet\u00e9 haute d\u00e9finition \u00e9voquant un objectif portrait de 50\u00a0mm, met en \u00e9vidence une ligne frontale plus dense et d&#039;apparence naturelle. L&#039;\u00e9clairage doux et diffus de la photo &#039;\u00a0APR\u00c8S\u00a0&#039; souligne l&#039;am\u00e9lioration de la texture des cheveux et la meilleure couverture du cuir chevelu. La composition, de style documentaire m\u00e9dical professionnel, met l&#039;accent sur la transition de la perte de cheveux \u00e0 une ligne frontale reconstruite et plus fournie, sur un fond \u00e9pur\u00e9 et carrel\u00e9, soulignant la pr\u00e9cision chirurgicale et le r\u00e9sultat esth\u00e9tique de l&#039;intervention.\" srcset=\"https:\/\/hairtrans.com\/wp-content\/uploads\/2025\/08\/1-1024x1024.jpg 1024w, https:\/\/hairtrans.com\/wp-content\/uploads\/2025\/08\/1-300x300.jpg 300w, https:\/\/hairtrans.com\/wp-content\/uploads\/2025\/08\/1-150x150.jpg 150w, https:\/\/hairtrans.com\/wp-content\/uploads\/2025\/08\/1-768x768.jpg 768w, https:\/\/hairtrans.com\/wp-content\/uploads\/2025\/08\/1-12x12.jpg 12w, https:\/\/hairtrans.com\/wp-content\/uploads\/2025\/08\/1.jpg 1080w\" sizes=\"(max-width: 1024px) 100vw, 1024px\" \/><\/a>\n\t\t\t<\/div><\/figure>\n\t\t<\/div>\n\t\t<\/div>\n\t\t\t\t\t\t<\/div>\n\t\t\t\t<\/div>\n\t\t\t\t\t<\/div>\n\t\t\t\t<\/div>\n\t\t\t\t<\/div>","protected":false},"excerpt":{"rendered":"<p>Galerie Avant Apr\u00e8s<\/p>","protected":false},"author":1,"featured_media":0,"parent":0,"menu_order":0,"comment_status":"closed","ping_status":"closed","template":"","meta":{"site-sidebar-layout":"no-sidebar","site-content-layout":"","ast-site-content-layout":"full-width-container","site-content-style":"default","site-sidebar-style":"default","ast-global-header-display":"","ast-banner-title-visibility":"","ast-main-header-display":"","ast-hfb-above-header-display":"","ast-hfb-below-header-display":"","ast-hfb-mobile-header-display":"","site-post-title":"","ast-breadcrumbs-content":"","ast-featured-img":"disabled","footer-sml-layout":"","ast-disable-related-posts":"","theme-transparent-header-meta":"","adv-header-id-meta":"","stick-header-meta":"","header-above-stick-meta":"","header-main-stick-meta":"","header-below-stick-meta":"","astra-migrate-meta-layouts":"default","ast-page-background-enabled":"default","ast-page-background-meta":{"desktop":{"background-color":"var(--ast-global-color-4)","background-image":"","background-repeat":"repeat","background-position":"center center","background-size":"auto","background-attachment":"scroll","background-type":"","background-media":"","overlay-type":"","overlay-color":"","overlay-opacity":"","overlay-gradient":""},"tablet":{"background-color":"","background-image":"","background-repeat":"repeat","background-position":"center center","background-size":"auto","background-attachment":"scroll","background-type":"","background-media":"","overlay-type":"","overlay-color":"","overlay-opacity":"","overlay-gradient":""},"mobile":{"background-color":"","background-image":"","background-repeat":"repeat","background-position":"center center","background-size":"auto","background-attachment":"scroll","background-type":"","background-media":"","overlay-type":"","overlay-color":"","overlay-opacity":"","overlay-gradient":""}},"ast-content-background-meta":{"desktop":{"background-color":"var(--ast-global-color-5)","background-image":"","background-repeat":"repeat","background-position":"center center","background-size":"auto","background-attachment":"scroll","background-type":"","background-media":"","overlay-type":"","overlay-color":"","overlay-opacity":"","overlay-gradient":""},"tablet":{"background-color":"var(--ast-global-color-5)","background-image":"","background-repeat":"repeat","background-position":"center center","background-size":"auto","background-attachment":"scroll","background-type":"","background-media":"","overlay-type":"","overlay-color":"","overlay-opacity":"","overlay-gradient":""},"mobile":{"background-color":"var(--ast-global-color-5)","background-image":"","background-repeat":"repeat","background-position":"center center","background-size":"auto","background-attachment":"scroll","background-type":"","background-media":"","overlay-type":"","overlay-color":"","overlay-opacity":"","overlay-gradient":""}},"footnotes":""},"class_list":["post-1966","page","type-page","status-publish","hentry"],"_links":{"self":[{"href":"https:\/\/hairtrans.com\/fr\/wp-json\/wp\/v2\/pages\/1966","targetHints":{"allow":["GET"]}}],"collection":[{"href":"https:\/\/hairtrans.com\/fr\/wp-json\/wp\/v2\/pages"}],"about":[{"href":"https:\/\/hairtrans.com\/fr\/wp-json\/wp\/v2\/types\/page"}],"author":[{"embeddable":true,"href":"https:\/\/hairtrans.com\/fr\/wp-json\/wp\/v2\/users\/1"}],"replies":[{"embeddable":true,"href":"https:\/\/hairtrans.com\/fr\/wp-json\/wp\/v2\/comments?post=1966"}],"version-history":[{"count":7,"href":"https:\/\/hairtrans.com\/fr\/wp-json\/wp\/v2\/pages\/1966\/revisions"}],"predecessor-version":[{"id":1993,"href":"https:\/\/hairtrans.com\/fr\/wp-json\/wp\/v2\/pages\/1966\/revisions\/1993"}],"wp:attachment":[{"href":"https:\/\/hairtrans.com\/fr\/wp-json\/wp\/v2\/media?parent=1966"}],"curies":[{"name":"wp","href":"https:\/\/api.w.org\/{rel}","templated":true}]}}