{"id":1966,"date":"2025-08-25T00:45:36","date_gmt":"2025-08-24T21:45:36","guid":{"rendered":"https:\/\/hairtrans.com\/?page_id=1966"},"modified":"2025-08-25T00:57:23","modified_gmt":"2025-08-24T21:57:23","slug":"galeria-antes-y-despues","status":"publish","type":"page","link":"https:\/\/hairtrans.com\/es\/before-after-gallery\/","title":{"rendered":"Galer\u00eda antes y despu\u00e9s"},"content":{"rendered":"<div data-elementor-type=\"wp-page\" data-elementor-id=\"1966\" class=\"elementor elementor-1966\">\n\t\t\t\t<div class=\"elementor-element elementor-element-1bc7143 e-flex e-con-boxed e-con e-parent\" data-id=\"1bc7143\" data-element_type=\"container\" data-e-type=\"container\">\n\t\t\t\t\t<div class=\"e-con-inner\">\n\t\t\t\t<div class=\"elementor-element elementor-element-4dc65fe elementor-widget elementor-widget-heading\" data-id=\"4dc65fe\" data-element_type=\"widget\" data-e-type=\"widget\" data-widget_type=\"heading.default\">\n\t\t\t\t<div class=\"elementor-widget-container\">\n\t\t\t\t\t<h2 class=\"elementor-heading-title elementor-size-default\">Galer\u00eda antes y despu\u00e9s<\/h2>\t\t\t\t<\/div>\n\t\t\t\t<\/div>\n\t\t\t\t<div class=\"elementor-element elementor-element-cd0074c gallery-spacing-custom elementor-widget elementor-widget-image-gallery\" data-id=\"cd0074c\" data-element_type=\"widget\" data-e-type=\"widget\" data-widget_type=\"image-gallery.default\">\n\t\t\t\t<div class=\"elementor-widget-container\">\n\t\t\t\t\t\t\t<div class=\"elementor-image-gallery\">\n\t\t\t<div id='gallery-1' class='gallery galleryid-1966 gallery-columns-3 gallery-size-large'><figure class='gallery-item'>\n\t\t\t<div class='gallery-icon landscape'>\n\t\t\t\t<a data-elementor-open-lightbox=\"yes\" data-elementor-lightbox-slideshow=\"cd0074c\" data-elementor-lightbox-title=\"16\" data-e-action-hash=\"#elementor-action%3Aaction%3Dlightbox%26settings%3DeyJpZCI6MTk4NiwidXJsIjoiaHR0cHM6XC9cL2hhaXJ0cmFucy5jb21cL3dwLWNvbnRlbnRcL3VwbG9hZHNcLzIwMjVcLzA4XC8xNi5qcGciLCJzbGlkZXNob3ciOiJjZDAwNzRjIn0%3D\" href=\"https:\/\/hairtrans.com\/wp-content\/uploads\/2025\/08\/16.jpg\"><img fetchpriority=\"high\" decoding=\"async\" width=\"1024\" height=\"1024\" src=\"https:\/\/hairtrans.com\/wp-content\/uploads\/2025\/08\/16-1024x1024.jpg\" class=\"attachment-large size-large\" alt=\"Una composici\u00f3n fotogr\u00e1fica cl\u00ednica de antes y despu\u00e9s que muestra los resultados de un procedimiento de restauraci\u00f3n capilar. Capturada con un sensor digital est\u00e1ndar de gama media, la imagen se centra en la l\u00ednea del cabello y el \u00e1rea frontal del cuero cabelludo de un sujeto masculino. La iluminaci\u00f3n es funcional y directa, t\u00edpica de una consulta m\u00e9dico-est\u00e9tica, dise\u00f1ada para iluminar claramente la textura del cuero cabelludo y la densidad del cabello. El sujeto se muestra en primer plano, en una pose neutra, levantando manualmente el cabello para revelar la transici\u00f3n de la l\u00ednea del cabello temporal y frontal. La textura de la piel se ve natural, reflejando la luz ambiental de un entorno cl\u00ednico interior. La composici\u00f3n est\u00e1 dividida en cuatro cuadrantes: dos fotogramas de &quot;antes&quot; que muestran una recesi\u00f3n temporal de leve a moderada y dos fotogramas de &quot;despu\u00e9s&quot; que muestran una l\u00ednea del cabello restaurada, m\u00e1s densa y definida. La atm\u00f3sfera es profesional y objetiva, caracter\u00edstica de la documentaci\u00f3n quir\u00fargica, con un fondo desenfocado que mantiene la atenci\u00f3n completamente en los resultados anat\u00f3micos. La marca de agua &quot;Dr. MFO Art, Surgery &amp; Beauty&quot; est\u00e1 superpuesta en el centro.\" srcset=\"https:\/\/hairtrans.com\/wp-content\/uploads\/2025\/08\/16-1024x1024.jpg 1024w, https:\/\/hairtrans.com\/wp-content\/uploads\/2025\/08\/16-300x300.jpg 300w, https:\/\/hairtrans.com\/wp-content\/uploads\/2025\/08\/16-150x150.jpg 150w, https:\/\/hairtrans.com\/wp-content\/uploads\/2025\/08\/16-768x768.jpg 768w, https:\/\/hairtrans.com\/wp-content\/uploads\/2025\/08\/16-12x12.jpg 12w, https:\/\/hairtrans.com\/wp-content\/uploads\/2025\/08\/16.jpg 1080w\" sizes=\"(max-width: 1024px) 100vw, 1024px\" \/><\/a>\n\t\t\t<\/div><\/figure><figure class='gallery-item'>\n\t\t\t<div class='gallery-icon landscape'>\n\t\t\t\t<a data-elementor-open-lightbox=\"yes\" data-elementor-lightbox-slideshow=\"cd0074c\" data-elementor-lightbox-title=\"15\" data-e-action-hash=\"#elementor-action%3Aaction%3Dlightbox%26settings%3DeyJpZCI6MTk4NSwidXJsIjoiaHR0cHM6XC9cL2hhaXJ0cmFucy5jb21cL3dwLWNvbnRlbnRcL3VwbG9hZHNcLzIwMjVcLzA4XC8xNS5qcGciLCJzbGlkZXNob3ciOiJjZDAwNzRjIn0%3D\" href=\"https:\/\/hairtrans.com\/wp-content\/uploads\/2025\/08\/15.jpg\"><img decoding=\"async\" width=\"1024\" height=\"1024\" src=\"https:\/\/hairtrans.com\/wp-content\/uploads\/2025\/08\/15-1024x1024.jpg\" class=\"attachment-large size-large\" alt=\"Fotograf\u00eda comparativa cl\u00ednica en pantalla dividida que muestra la transformaci\u00f3n de un trasplante capilar. La imagen superior (&#039;ANTES&#039;) muestra a un paciente var\u00f3n con entradas, capturada con un estilo cl\u00ednico y documental, con iluminaci\u00f3n ambiental suave y un fondo oscuro neutro. La imagen inferior (&#039;DESPU\u00c9S&#039;) muestra al mismo paciente con una l\u00ednea de cabello significativamente restaurada, m\u00e1s poblada y con mayor densidad capilar, capturada con una iluminaci\u00f3n frontal plana, brillante y cl\u00ednica sobre un fondo blanco roto liso. Ambos paneles se centran en la anatom\u00eda del cuero cabelludo y la l\u00ednea del cabello, manteniendo un encuadre medio consistente, caracterizado por detalles cl\u00ednicos n\u00edtidos y de alta resoluci\u00f3n, t\u00edpicos de las im\u00e1genes m\u00e9dicas para los resultados de la restauraci\u00f3n capilar. La est\u00e9tica es estrictamente utilitaria y documental, resaltando los cambios fisiol\u00f3gicos en la densidad del cabello y la posici\u00f3n de los fol\u00edculos sin adornos estil\u00edsticos como sudor, texturas de tela o iluminaci\u00f3n dram\u00e1tica de estilo noir.\" srcset=\"https:\/\/hairtrans.com\/wp-content\/uploads\/2025\/08\/15-1024x1024.jpg 1024w, https:\/\/hairtrans.com\/wp-content\/uploads\/2025\/08\/15-300x300.jpg 300w, https:\/\/hairtrans.com\/wp-content\/uploads\/2025\/08\/15-150x150.jpg 150w, https:\/\/hairtrans.com\/wp-content\/uploads\/2025\/08\/15-768x768.jpg 768w, https:\/\/hairtrans.com\/wp-content\/uploads\/2025\/08\/15-12x12.jpg 12w, https:\/\/hairtrans.com\/wp-content\/uploads\/2025\/08\/15.jpg 1080w\" sizes=\"(max-width: 1024px) 100vw, 1024px\" \/><\/a>\n\t\t\t<\/div><\/figure><figure class='gallery-item'>\n\t\t\t<div class='gallery-icon landscape'>\n\t\t\t\t<a data-elementor-open-lightbox=\"yes\" data-elementor-lightbox-slideshow=\"cd0074c\" data-elementor-lightbox-title=\"14\" data-e-action-hash=\"#elementor-action%3Aaction%3Dlightbox%26settings%3DeyJpZCI6MTk4NCwidXJsIjoiaHR0cHM6XC9cL2hhaXJ0cmFucy5jb21cL3dwLWNvbnRlbnRcL3VwbG9hZHNcLzIwMjVcLzA4XC8xNC5qcGciLCJzbGlkZXNob3ciOiJjZDAwNzRjIn0%3D\" href=\"https:\/\/hairtrans.com\/wp-content\/uploads\/2025\/08\/14.jpg\"><img decoding=\"async\" width=\"1024\" height=\"1024\" src=\"https:\/\/hairtrans.com\/wp-content\/uploads\/2025\/08\/14-1024x1024.jpg\" class=\"attachment-large size-large\" alt=\"Fotograf\u00eda comparativa cl\u00ednica hiperrealista en pantalla dividida que documenta la transformaci\u00f3n de un trasplante capilar. El panel superior, &quot;ANTES&quot;, captura un perfil lateral con una lente macro de 100 mm, enfocando la l\u00ednea del cabello en retroceso, con cabello casta\u00f1o claro y ralo recogido en un peque\u00f1o mo\u00f1o, mostrando la densidad del cuero cabelludo antes de la intervenci\u00f3n. El panel inferior, &quot;DESPU\u00c9S&quot;, presenta el resultado con alta resoluci\u00f3n, destacando una densidad folicular significativamente mayor y una l\u00ednea del cabello restaurada y de aspecto natural. La iluminaci\u00f3n es neutra, de estilo estudio profesional, lo que garantiza una visibilidad de alto contraste de la textura del cabello y la piel del cuero cabelludo. La composici\u00f3n es limpia, con el sujeto posicionado sobre un fondo s\u00f3lido y sin distracciones para enfatizar el resultado est\u00e9tico m\u00e9dico y la restauraci\u00f3n folicular.\" srcset=\"https:\/\/hairtrans.com\/wp-content\/uploads\/2025\/08\/14-1024x1024.jpg 1024w, https:\/\/hairtrans.com\/wp-content\/uploads\/2025\/08\/14-300x300.jpg 300w, https:\/\/hairtrans.com\/wp-content\/uploads\/2025\/08\/14-150x150.jpg 150w, https:\/\/hairtrans.com\/wp-content\/uploads\/2025\/08\/14-768x768.jpg 768w, https:\/\/hairtrans.com\/wp-content\/uploads\/2025\/08\/14-12x12.jpg 12w, https:\/\/hairtrans.com\/wp-content\/uploads\/2025\/08\/14.jpg 1080w\" sizes=\"(max-width: 1024px) 100vw, 1024px\" \/><\/a>\n\t\t\t<\/div><\/figure><figure class='gallery-item'>\n\t\t\t<div class='gallery-icon landscape'>\n\t\t\t\t<a data-elementor-open-lightbox=\"yes\" data-elementor-lightbox-slideshow=\"cd0074c\" data-elementor-lightbox-title=\"13\" data-e-action-hash=\"#elementor-action%3Aaction%3Dlightbox%26settings%3DeyJpZCI6MTk4MywidXJsIjoiaHR0cHM6XC9cL2hhaXJ0cmFucy5jb21cL3dwLWNvbnRlbnRcL3VwbG9hZHNcLzIwMjVcLzA4XC8xMy5qcGciLCJzbGlkZXNob3ciOiJjZDAwNzRjIn0%3D\" href=\"https:\/\/hairtrans.com\/wp-content\/uploads\/2025\/08\/13.jpg\"><img loading=\"lazy\" decoding=\"async\" width=\"1024\" height=\"1024\" src=\"https:\/\/hairtrans.com\/wp-content\/uploads\/2025\/08\/13-1024x1024.jpg\" class=\"attachment-large size-large\" alt=\"Una imagen cl\u00ednica comparativa de antes y despu\u00e9s que muestra la transformaci\u00f3n de un trasplante capilar. Capturada con im\u00e1genes digitales de alta fidelidad, la fotograf\u00eda utiliza una iluminaci\u00f3n clara y directa, t\u00edpica de la documentaci\u00f3n m\u00e9dica, para enfatizar los cambios estructurales. La imagen del &quot;Antes&quot; muestra una l\u00ednea de cabello retra\u00edda en un sujeto masculino sobre un fondo gris oscuro neutro, mientras que la imagen del &quot;Despu\u00e9s&quot;, sobre un fondo blanco as\u00e9ptico, muestra la densidad folicular restaurada. El enfoque es n\u00edtido en las unidades foliculares y la textura del cuero cabelludo, resaltando la restauraci\u00f3n quir\u00fargica con precisi\u00f3n m\u00e9dica. La composici\u00f3n es una vista dividida vertical, que mantiene una est\u00e9tica neutra e informativa, adecuada para la presentaci\u00f3n de portafolios m\u00e9dicos y cosm\u00e9ticos profesionales.\" srcset=\"https:\/\/hairtrans.com\/wp-content\/uploads\/2025\/08\/13-1024x1024.jpg 1024w, https:\/\/hairtrans.com\/wp-content\/uploads\/2025\/08\/13-300x300.jpg 300w, https:\/\/hairtrans.com\/wp-content\/uploads\/2025\/08\/13-150x150.jpg 150w, https:\/\/hairtrans.com\/wp-content\/uploads\/2025\/08\/13-768x768.jpg 768w, https:\/\/hairtrans.com\/wp-content\/uploads\/2025\/08\/13-12x12.jpg 12w, https:\/\/hairtrans.com\/wp-content\/uploads\/2025\/08\/13.jpg 1080w\" sizes=\"(max-width: 1024px) 100vw, 1024px\" \/><\/a>\n\t\t\t<\/div><\/figure><figure class='gallery-item'>\n\t\t\t<div class='gallery-icon landscape'>\n\t\t\t\t<a data-elementor-open-lightbox=\"yes\" data-elementor-lightbox-slideshow=\"cd0074c\" data-elementor-lightbox-title=\"12\" data-e-action-hash=\"#elementor-action%3Aaction%3Dlightbox%26settings%3DeyJpZCI6MTk4MiwidXJsIjoiaHR0cHM6XC9cL2hhaXJ0cmFucy5jb21cL3dwLWNvbnRlbnRcL3VwbG9hZHNcLzIwMjVcLzA4XC8xMi5qcGciLCJzbGlkZXNob3ciOiJjZDAwNzRjIn0%3D\" href=\"https:\/\/hairtrans.com\/wp-content\/uploads\/2025\/08\/12.jpg\"><img loading=\"lazy\" decoding=\"async\" width=\"1024\" height=\"1024\" src=\"https:\/\/hairtrans.com\/wp-content\/uploads\/2025\/08\/12-1024x1024.jpg\" class=\"attachment-large size-large\" alt=\"Una imagen comparativa en pantalla dividida que documenta un procedimiento de trasplante capilar. El panel superior, &quot;ANTES&quot;, muestra a una persona con una l\u00ednea de cabello m\u00e1s alta y rala, y cabello texturizado y ligeramente encrespado bajo iluminaci\u00f3n plana. El panel inferior, &quot;DESPU\u00c9S&quot;, capturado con una est\u00e9tica cl\u00ednica, presenta una mayor densidad y una l\u00ednea de cabello m\u00e1s definida, resaltada por una sutil luz de contorno que realza la textura del cabello y la claridad de la piel. La composici\u00f3n se centra en la estructura facial superior y la frente, utilizando un estilo de fotograf\u00eda m\u00e9dica limpio, diagn\u00f3stico y profesional, com\u00fan en la documentaci\u00f3n de cirug\u00eda est\u00e9tica. La iluminaci\u00f3n en la secci\u00f3n &quot;despu\u00e9s&quot; crea un brillo suave, enfatizando la transici\u00f3n fluida y el mayor volumen del cabello sobre un fondo neutro, presentado con la marca de agua &quot;Dr. BFO - Arte, Cirug\u00eda y Belleza&quot;.\" srcset=\"https:\/\/hairtrans.com\/wp-content\/uploads\/2025\/08\/12-1024x1024.jpg 1024w, https:\/\/hairtrans.com\/wp-content\/uploads\/2025\/08\/12-300x300.jpg 300w, https:\/\/hairtrans.com\/wp-content\/uploads\/2025\/08\/12-150x150.jpg 150w, https:\/\/hairtrans.com\/wp-content\/uploads\/2025\/08\/12-768x768.jpg 768w, https:\/\/hairtrans.com\/wp-content\/uploads\/2025\/08\/12-12x12.jpg 12w, https:\/\/hairtrans.com\/wp-content\/uploads\/2025\/08\/12.jpg 1080w\" sizes=\"(max-width: 1024px) 100vw, 1024px\" \/><\/a>\n\t\t\t<\/div><\/figure><figure class='gallery-item'>\n\t\t\t<div class='gallery-icon landscape'>\n\t\t\t\t<a data-elementor-open-lightbox=\"yes\" data-elementor-lightbox-slideshow=\"cd0074c\" data-elementor-lightbox-title=\"11\" data-e-action-hash=\"#elementor-action%3Aaction%3Dlightbox%26settings%3DeyJpZCI6MTk4MSwidXJsIjoiaHR0cHM6XC9cL2hhaXJ0cmFucy5jb21cL3dwLWNvbnRlbnRcL3VwbG9hZHNcLzIwMjVcLzA4XC8xMS5qcGciLCJzbGlkZXNob3ciOiJjZDAwNzRjIn0%3D\" href=\"https:\/\/hairtrans.com\/wp-content\/uploads\/2025\/08\/11.jpg\"><img loading=\"lazy\" decoding=\"async\" width=\"1024\" height=\"1024\" src=\"https:\/\/hairtrans.com\/wp-content\/uploads\/2025\/08\/11-1024x1024.jpg\" class=\"attachment-large size-large\" alt=\"Comparaci\u00f3n cl\u00ednica lado a lado, dividida horizontalmente, que muestra el resultado de una restauraci\u00f3n capilar. El segmento &quot;Antes&quot; captura la frente superior con adelgazamiento visible del cabello y una raya ancha, con un enfoque n\u00edtido en la textura del cuero cabelludo. El segmento &quot;Despu\u00e9s&quot; muestra una reconstrucci\u00f3n de la l\u00ednea del cabello densa y de aspecto natural, con una colocaci\u00f3n folicular refinada. Tomada con una lente macro de grado cl\u00ednico a una distancia focal ultraclara y de alta resoluci\u00f3n, la iluminaci\u00f3n es suave y neutra para resaltar la precisi\u00f3n del tono de piel y la densidad del cabello. La composici\u00f3n se centra en la transici\u00f3n tricol\u00f3gica, enfatizando el volumen restaurado y la integridad estructural de la l\u00ednea del cabello sobre un fondo minimalista y profesional. La imagen mantiene una calidad m\u00e9dico-editorial limpia y est\u00e9tica, centr\u00e1ndose en la claridad a nivel de poro y la definici\u00f3n del tallo del cabello sin adornos artificiales.\" srcset=\"https:\/\/hairtrans.com\/wp-content\/uploads\/2025\/08\/11-1024x1024.jpg 1024w, https:\/\/hairtrans.com\/wp-content\/uploads\/2025\/08\/11-300x300.jpg 300w, https:\/\/hairtrans.com\/wp-content\/uploads\/2025\/08\/11-150x150.jpg 150w, https:\/\/hairtrans.com\/wp-content\/uploads\/2025\/08\/11-768x768.jpg 768w, https:\/\/hairtrans.com\/wp-content\/uploads\/2025\/08\/11-12x12.jpg 12w, https:\/\/hairtrans.com\/wp-content\/uploads\/2025\/08\/11.jpg 1080w\" sizes=\"(max-width: 1024px) 100vw, 1024px\" \/><\/a>\n\t\t\t<\/div><\/figure><figure class='gallery-item'>\n\t\t\t<div class='gallery-icon landscape'>\n\t\t\t\t<a data-elementor-open-lightbox=\"yes\" data-elementor-lightbox-slideshow=\"cd0074c\" data-elementor-lightbox-title=\"10\" data-e-action-hash=\"#elementor-action%3Aaction%3Dlightbox%26settings%3DeyJpZCI6MTk4MCwidXJsIjoiaHR0cHM6XC9cL2hhaXJ0cmFucy5jb21cL3dwLWNvbnRlbnRcL3VwbG9hZHNcLzIwMjVcLzA4XC8xMC5qcGciLCJzbGlkZXNob3ciOiJjZDAwNzRjIn0%3D\" href=\"https:\/\/hairtrans.com\/wp-content\/uploads\/2025\/08\/10.jpg\"><img loading=\"lazy\" decoding=\"async\" width=\"1024\" height=\"1024\" src=\"https:\/\/hairtrans.com\/wp-content\/uploads\/2025\/08\/10-1024x1024.jpg\" class=\"attachment-large size-large\" alt=\"Comparaci\u00f3n m\u00e9dica en pantalla dividida de los resultados de un trasplante capilar masculino. El panel superior, &quot;ANTES&quot;, muestra a un hombre con un notable adelgazamiento del cabello y una l\u00ednea de cabello retra\u00edda sobre un fondo oscuro y liso. El panel inferior, &quot;DESPU\u00c9S&quot;, muestra la l\u00ednea de cabello restaurada con mayor densidad y cobertura natural, capturada en un estudio cl\u00ednico. Es probable que las im\u00e1genes se hayan tomado con un objetivo macro, centr\u00e1ndose en los detalles foliculares y la cobertura del cuero cabelludo, con una iluminaci\u00f3n neutra y uniforme que resalta la eficacia del procedimiento. El ambiente general es profesional, cl\u00ednico y documental, con una est\u00e9tica n\u00edtida y de alta resoluci\u00f3n, dise\u00f1ada para la presentaci\u00f3n de portafolios m\u00e9dicos.\" srcset=\"https:\/\/hairtrans.com\/wp-content\/uploads\/2025\/08\/10-1024x1024.jpg 1024w, https:\/\/hairtrans.com\/wp-content\/uploads\/2025\/08\/10-300x300.jpg 300w, https:\/\/hairtrans.com\/wp-content\/uploads\/2025\/08\/10-150x150.jpg 150w, https:\/\/hairtrans.com\/wp-content\/uploads\/2025\/08\/10-768x768.jpg 768w, https:\/\/hairtrans.com\/wp-content\/uploads\/2025\/08\/10-12x12.jpg 12w, https:\/\/hairtrans.com\/wp-content\/uploads\/2025\/08\/10.jpg 1080w\" sizes=\"(max-width: 1024px) 100vw, 1024px\" \/><\/a>\n\t\t\t<\/div><\/figure><figure class='gallery-item'>\n\t\t\t<div class='gallery-icon landscape'>\n\t\t\t\t<a data-elementor-open-lightbox=\"yes\" data-elementor-lightbox-slideshow=\"cd0074c\" data-elementor-lightbox-title=\"9\" data-e-action-hash=\"#elementor-action%3Aaction%3Dlightbox%26settings%3DeyJpZCI6MTk3OSwidXJsIjoiaHR0cHM6XC9cL2hhaXJ0cmFucy5jb21cL3dwLWNvbnRlbnRcL3VwbG9hZHNcLzIwMjVcLzA4XC85LmpwZyIsInNsaWRlc2hvdyI6ImNkMDA3NGMifQ%3D%3D\" href=\"https:\/\/hairtrans.com\/wp-content\/uploads\/2025\/08\/9.jpg\"><img loading=\"lazy\" decoding=\"async\" width=\"1024\" height=\"1024\" src=\"https:\/\/hairtrans.com\/wp-content\/uploads\/2025\/08\/9-1024x1024.jpg\" class=\"attachment-large size-large\" alt=\"Una imagen cl\u00ednica comparativa en pantalla dividida, etiquetada como &#039;ANTES&#039; y &#039;DESPU\u00c9S&#039;, que documenta un trasplante capilar desde un \u00e1ngulo de perfil. La imagen se captur\u00f3 con fotograf\u00eda cl\u00ednica de alta resoluci\u00f3n, utilizando un objetivo est\u00e1ndar para retratos que mantiene proporciones faciales precisas. La iluminaci\u00f3n es funcional y uniforme, dise\u00f1ada para minimizar las sombras y mostrar claramente la densidad del cabello y la cobertura del cuero cabelludo. El sujeto es una persona con cabello oscuro y ondulado, fotografiada sobre un fondo oscuro neutro para aislar la transformaci\u00f3n de la l\u00ednea del cabello. El enfoque se centra en la zona temporofrontal, enfatizando el contraste en la densidad de los fol\u00edculos pilosos y la restauraci\u00f3n de una l\u00ednea del cabello natural y definida. La est\u00e9tica es puramente profesional y m\u00e9dica, priorizando la claridad objetiva y la documentaci\u00f3n cl\u00ednica sobre los efectos art\u00edsticos estilizados.\" srcset=\"https:\/\/hairtrans.com\/wp-content\/uploads\/2025\/08\/9-1024x1024.jpg 1024w, https:\/\/hairtrans.com\/wp-content\/uploads\/2025\/08\/9-300x300.jpg 300w, https:\/\/hairtrans.com\/wp-content\/uploads\/2025\/08\/9-150x150.jpg 150w, https:\/\/hairtrans.com\/wp-content\/uploads\/2025\/08\/9-768x768.jpg 768w, https:\/\/hairtrans.com\/wp-content\/uploads\/2025\/08\/9-12x12.jpg 12w, https:\/\/hairtrans.com\/wp-content\/uploads\/2025\/08\/9.jpg 1080w\" sizes=\"(max-width: 1024px) 100vw, 1024px\" \/><\/a>\n\t\t\t<\/div><\/figure><figure class='gallery-item'>\n\t\t\t<div class='gallery-icon landscape'>\n\t\t\t\t<a data-elementor-open-lightbox=\"yes\" data-elementor-lightbox-slideshow=\"cd0074c\" data-elementor-lightbox-title=\"8\" data-e-action-hash=\"#elementor-action%3Aaction%3Dlightbox%26settings%3DeyJpZCI6MTk3OCwidXJsIjoiaHR0cHM6XC9cL2hhaXJ0cmFucy5jb21cL3dwLWNvbnRlbnRcL3VwbG9hZHNcLzIwMjVcLzA4XC84LmpwZyIsInNsaWRlc2hvdyI6ImNkMDA3NGMifQ%3D%3D\" href=\"https:\/\/hairtrans.com\/wp-content\/uploads\/2025\/08\/8.jpg\"><img loading=\"lazy\" decoding=\"async\" width=\"1024\" height=\"1024\" src=\"https:\/\/hairtrans.com\/wp-content\/uploads\/2025\/08\/8-1024x1024.jpg\" class=\"attachment-large size-large\" alt=\"Comparaci\u00f3n cl\u00ednica profesional de &quot;antes y despu\u00e9s&quot;, capturada con una lente macro de alta resoluci\u00f3n y enfoque n\u00edtido para resaltar los detalles foliculares. La iluminaci\u00f3n es cl\u00ednica y uniforme, dise\u00f1ada para proporcionar una visi\u00f3n clara y sin sombras de la transici\u00f3n de la l\u00ednea del cabello. El sujeto, un hombre, muestra una transformaci\u00f3n notable en la densidad del cabello: la imagen superior de &quot;antes&quot; muestra una l\u00ednea del cabello retra\u00edda y debilitada, mientras que la imagen inferior de &quot;despu\u00e9s&quot; revela una restauraci\u00f3n de la l\u00ednea del cabello significativamente m\u00e1s densa y robusta. La textura del cabello se captura con una precisi\u00f3n hiperrealista, lo que permite examinar la integraci\u00f3n de los injertos y la cobertura natural del cuero cabelludo. La piel permanece neutra y mate, sin luminiscencia artificial ni sudor, manteniendo una est\u00e9tica m\u00e9dico-editorial est\u00e9ril sobre un fondo simple, oscuro y sin distracciones que mantiene el enfoque por completo en la mejora est\u00e9tica de la l\u00ednea del cabello.\" srcset=\"https:\/\/hairtrans.com\/wp-content\/uploads\/2025\/08\/8-1024x1024.jpg 1024w, https:\/\/hairtrans.com\/wp-content\/uploads\/2025\/08\/8-300x300.jpg 300w, https:\/\/hairtrans.com\/wp-content\/uploads\/2025\/08\/8-150x150.jpg 150w, https:\/\/hairtrans.com\/wp-content\/uploads\/2025\/08\/8-768x768.jpg 768w, https:\/\/hairtrans.com\/wp-content\/uploads\/2025\/08\/8-12x12.jpg 12w, https:\/\/hairtrans.com\/wp-content\/uploads\/2025\/08\/8.jpg 1080w\" sizes=\"(max-width: 1024px) 100vw, 1024px\" \/><\/a>\n\t\t\t<\/div><\/figure><figure class='gallery-item'>\n\t\t\t<div class='gallery-icon landscape'>\n\t\t\t\t<a data-elementor-open-lightbox=\"yes\" data-elementor-lightbox-slideshow=\"cd0074c\" data-elementor-lightbox-title=\"7\" data-e-action-hash=\"#elementor-action%3Aaction%3Dlightbox%26settings%3DeyJpZCI6MTk3NywidXJsIjoiaHR0cHM6XC9cL2hhaXJ0cmFucy5jb21cL3dwLWNvbnRlbnRcL3VwbG9hZHNcLzIwMjVcLzA4XC83LmpwZyIsInNsaWRlc2hvdyI6ImNkMDA3NGMifQ%3D%3D\" href=\"https:\/\/hairtrans.com\/wp-content\/uploads\/2025\/08\/7.jpg\"><img loading=\"lazy\" decoding=\"async\" width=\"1024\" height=\"1024\" src=\"https:\/\/hairtrans.com\/wp-content\/uploads\/2025\/08\/7-1024x1024.jpg\" class=\"attachment-large size-large\" alt=\"Comparaci\u00f3n cl\u00ednica en pantalla dividida de un procedimiento de restauraci\u00f3n de la l\u00ednea del cabello. El panel superior, &quot;ANTES&quot;, muestra una l\u00ednea del cabello natural, ligeramente retra\u00edda, con el cabello oscuro recogido. El panel inferior, &quot;DESPU\u00c9S&quot;, capturado con un enfoque macro de alta fidelidad, resalta la densidad precisa e hiperrealista de la l\u00ednea del cabello reconstruida. La iluminaci\u00f3n es cl\u00ednica y directa, acentuando la textura de la piel y la intrincada colocaci\u00f3n de las nuevas unidades foliculares. Una mano con u\u00f1as bien cuidadas y un anillo met\u00e1lico descansa suavemente sobre la frente, proporcionando una sensaci\u00f3n de interacci\u00f3n humana y escala. La composici\u00f3n es estrictamente funcional y m\u00e9dico-est\u00e9tica, centr\u00e1ndose en la transici\u00f3n refinada y perfecta de la nueva l\u00ednea del cabello sobre la piel, representada con claridad profesional para mostrar la maestr\u00eda quir\u00fargica.\" srcset=\"https:\/\/hairtrans.com\/wp-content\/uploads\/2025\/08\/7-1024x1024.jpg 1024w, https:\/\/hairtrans.com\/wp-content\/uploads\/2025\/08\/7-300x300.jpg 300w, https:\/\/hairtrans.com\/wp-content\/uploads\/2025\/08\/7-150x150.jpg 150w, https:\/\/hairtrans.com\/wp-content\/uploads\/2025\/08\/7-768x768.jpg 768w, https:\/\/hairtrans.com\/wp-content\/uploads\/2025\/08\/7-12x12.jpg 12w, https:\/\/hairtrans.com\/wp-content\/uploads\/2025\/08\/7.jpg 1080w\" sizes=\"(max-width: 1024px) 100vw, 1024px\" \/><\/a>\n\t\t\t<\/div><\/figure><figure class='gallery-item'>\n\t\t\t<div class='gallery-icon landscape'>\n\t\t\t\t<a data-elementor-open-lightbox=\"yes\" data-elementor-lightbox-slideshow=\"cd0074c\" data-elementor-lightbox-title=\"6\" data-e-action-hash=\"#elementor-action%3Aaction%3Dlightbox%26settings%3DeyJpZCI6MTk3NiwidXJsIjoiaHR0cHM6XC9cL2hhaXJ0cmFucy5jb21cL3dwLWNvbnRlbnRcL3VwbG9hZHNcLzIwMjVcLzA4XC82LmpwZyIsInNsaWRlc2hvdyI6ImNkMDA3NGMifQ%3D%3D\" href=\"https:\/\/hairtrans.com\/wp-content\/uploads\/2025\/08\/6.jpg\"><img loading=\"lazy\" decoding=\"async\" width=\"1024\" height=\"1024\" src=\"https:\/\/hairtrans.com\/wp-content\/uploads\/2025\/08\/6-1024x1024.jpg\" class=\"attachment-large size-large\" alt=\"Una imagen comparativa en pantalla dividida que documenta un procedimiento de restauraci\u00f3n capilar. El panel &quot;ANTES&quot; muestra el perfil lateral de la l\u00ednea del cabello de una mujer con zonas despobladas, con una est\u00e9tica naturalista y ligeramente difuminada. El panel &quot;DESPU\u00c9S&quot;, con una nitidez de alta definici\u00f3n, presenta un primer plano macro de la misma l\u00ednea del cabello, mostrando un crecimiento capilar denso y saludable. La iluminaci\u00f3n en la imagen &quot;DESPU\u00c9S&quot; es n\u00edtida y precisa, resaltando la textura de los fol\u00edculos pilosos y la superficie natural de la piel. Una mano aparta suavemente el cabello para mostrar la cobertura, enfatizando un resultado cl\u00ednico y refinado. La composici\u00f3n se estructura como una narrativa de transformaci\u00f3n m\u00e9dica, con un fondo neutro, limpio y profesional que subraya la precisi\u00f3n m\u00e9dica y la restauraci\u00f3n est\u00e9tica.\" srcset=\"https:\/\/hairtrans.com\/wp-content\/uploads\/2025\/08\/6-1024x1024.jpg 1024w, https:\/\/hairtrans.com\/wp-content\/uploads\/2025\/08\/6-300x300.jpg 300w, https:\/\/hairtrans.com\/wp-content\/uploads\/2025\/08\/6-150x150.jpg 150w, https:\/\/hairtrans.com\/wp-content\/uploads\/2025\/08\/6-768x768.jpg 768w, https:\/\/hairtrans.com\/wp-content\/uploads\/2025\/08\/6-12x12.jpg 12w, https:\/\/hairtrans.com\/wp-content\/uploads\/2025\/08\/6.jpg 1080w\" sizes=\"(max-width: 1024px) 100vw, 1024px\" \/><\/a>\n\t\t\t<\/div><\/figure><figure class='gallery-item'>\n\t\t\t<div class='gallery-icon landscape'>\n\t\t\t\t<a data-elementor-open-lightbox=\"yes\" data-elementor-lightbox-slideshow=\"cd0074c\" data-elementor-lightbox-title=\"5\" data-e-action-hash=\"#elementor-action%3Aaction%3Dlightbox%26settings%3DeyJpZCI6MTk3NSwidXJsIjoiaHR0cHM6XC9cL2hhaXJ0cmFucy5jb21cL3dwLWNvbnRlbnRcL3VwbG9hZHNcLzIwMjVcLzA4XC81LmpwZyIsInNsaWRlc2hvdyI6ImNkMDA3NGMifQ%3D%3D\" href=\"https:\/\/hairtrans.com\/wp-content\/uploads\/2025\/08\/5.jpg\"><img loading=\"lazy\" decoding=\"async\" width=\"1024\" height=\"1024\" src=\"https:\/\/hairtrans.com\/wp-content\/uploads\/2025\/08\/5-1024x1024.jpg\" class=\"attachment-large size-large\" alt=\"Comparaci\u00f3n en pantalla dividida de un procedimiento de restauraci\u00f3n de la l\u00ednea del cabello. El panel &quot;ANTES&quot; muestra una l\u00ednea del cabello escasa y alta, con el cuero cabelludo visible. El panel &quot;DESPU\u00c9S&quot;, capturado con claridad cl\u00ednica, muestra una l\u00ednea del cabello densa y de aspecto natural, con una colocaci\u00f3n precisa de los fol\u00edculos, realzada por una iluminaci\u00f3n ambiental suave que resalta el brillo saludable y la transici\u00f3n fluida del cabello restaurado. El enfoque est\u00e1 en el cuero cabelludo y la estructura del hueso frontal, presentando una transformaci\u00f3n m\u00e9dico-est\u00e9tica objetiva y de alta resoluci\u00f3n.\" srcset=\"https:\/\/hairtrans.com\/wp-content\/uploads\/2025\/08\/5-1024x1024.jpg 1024w, https:\/\/hairtrans.com\/wp-content\/uploads\/2025\/08\/5-300x300.jpg 300w, https:\/\/hairtrans.com\/wp-content\/uploads\/2025\/08\/5-150x150.jpg 150w, https:\/\/hairtrans.com\/wp-content\/uploads\/2025\/08\/5-768x768.jpg 768w, https:\/\/hairtrans.com\/wp-content\/uploads\/2025\/08\/5-12x12.jpg 12w, https:\/\/hairtrans.com\/wp-content\/uploads\/2025\/08\/5.jpg 1080w\" sizes=\"(max-width: 1024px) 100vw, 1024px\" \/><\/a>\n\t\t\t<\/div><\/figure><figure class='gallery-item'>\n\t\t\t<div class='gallery-icon landscape'>\n\t\t\t\t<a data-elementor-open-lightbox=\"yes\" data-elementor-lightbox-slideshow=\"cd0074c\" data-elementor-lightbox-title=\"4\" data-e-action-hash=\"#elementor-action%3Aaction%3Dlightbox%26settings%3DeyJpZCI6MTk3NCwidXJsIjoiaHR0cHM6XC9cL2hhaXJ0cmFucy5jb21cL3dwLWNvbnRlbnRcL3VwbG9hZHNcLzIwMjVcLzA4XC80LmpwZyIsInNsaWRlc2hvdyI6ImNkMDA3NGMifQ%3D%3D\" href=\"https:\/\/hairtrans.com\/wp-content\/uploads\/2025\/08\/4.jpg\"><img loading=\"lazy\" decoding=\"async\" width=\"1024\" height=\"1024\" src=\"https:\/\/hairtrans.com\/wp-content\/uploads\/2025\/08\/4-1024x1024.jpg\" class=\"attachment-large size-large\" alt=\"Fotograf\u00eda comparativa cl\u00ednica en pantalla dividida que muestra la transformaci\u00f3n de un trasplante capilar. El panel &quot;Antes&quot;, capturado en un estudio est\u00e1ndar con iluminaci\u00f3n suave y equilibrada, revela a un sujeto con entradas y adelgazamiento del cabello en la coronilla. El panel &quot;Despu\u00e9s&quot;, que muestra los resultados postoperatorios, se captur\u00f3 con alta resoluci\u00f3n, centr\u00e1ndose en la reconstrucci\u00f3n refinada y densa de la l\u00ednea del cabello. Ambos paneles est\u00e1n enmarcados para resaltar el perfil del paciente, proporcionando una est\u00e9tica neutral y documental. El enfoque es n\u00edtido, enfatizando el cambio fisiol\u00f3gico en la densidad folicular y la cobertura del cuero cabelludo, sobre un fondo cl\u00ednico pr\u00e1ctico t\u00edpico de la documentaci\u00f3n m\u00e9dica. La calidad de la imagen es n\u00edtida, manteniendo la fidelidad anat\u00f3mica para ilustrar la efectividad de la intervenci\u00f3n quir\u00fargica sin recurrir a t\u00e9cnicas de iluminaci\u00f3n de estudio estilizadas, hiperrealistas o dram\u00e1ticas.\" srcset=\"https:\/\/hairtrans.com\/wp-content\/uploads\/2025\/08\/4-1024x1024.jpg 1024w, https:\/\/hairtrans.com\/wp-content\/uploads\/2025\/08\/4-300x300.jpg 300w, https:\/\/hairtrans.com\/wp-content\/uploads\/2025\/08\/4-150x150.jpg 150w, https:\/\/hairtrans.com\/wp-content\/uploads\/2025\/08\/4-768x768.jpg 768w, https:\/\/hairtrans.com\/wp-content\/uploads\/2025\/08\/4-12x12.jpg 12w, https:\/\/hairtrans.com\/wp-content\/uploads\/2025\/08\/4.jpg 1080w\" sizes=\"(max-width: 1024px) 100vw, 1024px\" \/><\/a>\n\t\t\t<\/div><\/figure><figure class='gallery-item'>\n\t\t\t<div class='gallery-icon landscape'>\n\t\t\t\t<a data-elementor-open-lightbox=\"yes\" data-elementor-lightbox-slideshow=\"cd0074c\" data-elementor-lightbox-title=\"3\" data-e-action-hash=\"#elementor-action%3Aaction%3Dlightbox%26settings%3DeyJpZCI6MTk3MywidXJsIjoiaHR0cHM6XC9cL2hhaXJ0cmFucy5jb21cL3dwLWNvbnRlbnRcL3VwbG9hZHNcLzIwMjVcLzA4XC8zLmpwZyIsInNsaWRlc2hvdyI6ImNkMDA3NGMifQ%3D%3D\" href=\"https:\/\/hairtrans.com\/wp-content\/uploads\/2025\/08\/3.jpg\"><img loading=\"lazy\" decoding=\"async\" width=\"1024\" height=\"1024\" src=\"https:\/\/hairtrans.com\/wp-content\/uploads\/2025\/08\/3-1024x1024.jpg\" class=\"attachment-large size-large\" alt=\"Fotograf\u00eda m\u00e9dica profesional comparativa en pantalla dividida que documenta un procedimiento de restauraci\u00f3n capilar. La imagen superior, etiquetada como &#039;ANTES&#039;, muestra una vista cl\u00ednica con iluminaci\u00f3n directa de una l\u00ednea de cabello debilitada sobre un fondo neutro, capturada con un enfoque n\u00edtido para resaltar la densidad folicular inicial. La imagen inferior, etiquetada como &#039;DESPU\u00c9S&#039;, presenta una perspectiva elevada y en primer plano de la l\u00ednea de cabello mejorada, con una est\u00e9tica natural y suave que enfatiza el aumento de densidad y un peinado refinado. La iluminaci\u00f3n en la imagen &#039;DESPU\u00c9S&#039; es m\u00e1s c\u00e1lida y ambiental, mostrando eficazmente la integraci\u00f3n de la l\u00ednea de cabello restaurada con el cuero cabelludo, con la mano del sujeto enmarcando sutilmente el cabello. Ambas im\u00e1genes se presentan con una claridad de alta fidelidad, propia de un profesional m\u00e9dico, centr\u00e1ndose en la textura, el pigmento y la transformaci\u00f3n estructural de los fol\u00edculos pilosos sobre la piel, manteniendo una apariencia pulida y profesional, adecuada para la documentaci\u00f3n est\u00e9tica cl\u00ednica.\" srcset=\"https:\/\/hairtrans.com\/wp-content\/uploads\/2025\/08\/3-1024x1024.jpg 1024w, https:\/\/hairtrans.com\/wp-content\/uploads\/2025\/08\/3-300x300.jpg 300w, https:\/\/hairtrans.com\/wp-content\/uploads\/2025\/08\/3-150x150.jpg 150w, https:\/\/hairtrans.com\/wp-content\/uploads\/2025\/08\/3-768x768.jpg 768w, https:\/\/hairtrans.com\/wp-content\/uploads\/2025\/08\/3-12x12.jpg 12w, https:\/\/hairtrans.com\/wp-content\/uploads\/2025\/08\/3.jpg 1080w\" sizes=\"(max-width: 1024px) 100vw, 1024px\" \/><\/a>\n\t\t\t<\/div><\/figure><figure class='gallery-item'>\n\t\t\t<div class='gallery-icon landscape'>\n\t\t\t\t<a data-elementor-open-lightbox=\"yes\" data-elementor-lightbox-slideshow=\"cd0074c\" data-elementor-lightbox-title=\"2\" data-e-action-hash=\"#elementor-action%3Aaction%3Dlightbox%26settings%3DeyJpZCI6MTk3MiwidXJsIjoiaHR0cHM6XC9cL2hhaXJ0cmFucy5jb21cL3dwLWNvbnRlbnRcL3VwbG9hZHNcLzIwMjVcLzA4XC8yLmpwZyIsInNsaWRlc2hvdyI6ImNkMDA3NGMifQ%3D%3D\" href=\"https:\/\/hairtrans.com\/wp-content\/uploads\/2025\/08\/2.jpg\"><img loading=\"lazy\" decoding=\"async\" width=\"1024\" height=\"1024\" src=\"https:\/\/hairtrans.com\/wp-content\/uploads\/2025\/08\/2-1024x1024.jpg\" class=\"attachment-large size-large\" alt=\"Fotograf\u00eda cl\u00ednica comparativa que documenta un trasplante capilar, presentada en formato de pantalla dividida verticalmente sobre un fondo neutro. La imagen &quot;ANTES&quot; muestra una l\u00ednea de cabello retra\u00edda con cabello casta\u00f1o ondulado y ralo. La imagen &quot;DESPU\u00c9S&quot;, capturada con gran nitidez, revela una l\u00ednea de cabello reconstruida significativamente m\u00e1s densa, con una colocaci\u00f3n del cabello de aspecto natural, resaltada por la mano del examinador que levanta suavemente el cabello para enfatizar la integraci\u00f3n de los injertos. La iluminaci\u00f3n es funcional y cl\u00ednica, dise\u00f1ada para minimizar las sombras y proporcionar una evaluaci\u00f3n clara y precisa de la densidad folicular y la salud del cuero cabelludo, todo ello con un estilo de documentaci\u00f3n m\u00e9dica n\u00edtido y de alta resoluci\u00f3n.\" srcset=\"https:\/\/hairtrans.com\/wp-content\/uploads\/2025\/08\/2-1024x1024.jpg 1024w, https:\/\/hairtrans.com\/wp-content\/uploads\/2025\/08\/2-300x300.jpg 300w, https:\/\/hairtrans.com\/wp-content\/uploads\/2025\/08\/2-150x150.jpg 150w, https:\/\/hairtrans.com\/wp-content\/uploads\/2025\/08\/2-768x768.jpg 768w, https:\/\/hairtrans.com\/wp-content\/uploads\/2025\/08\/2-12x12.jpg 12w, https:\/\/hairtrans.com\/wp-content\/uploads\/2025\/08\/2.jpg 1080w\" sizes=\"(max-width: 1024px) 100vw, 1024px\" \/><\/a>\n\t\t\t<\/div><\/figure><figure class='gallery-item'>\n\t\t\t<div class='gallery-icon landscape'>\n\t\t\t\t<a data-elementor-open-lightbox=\"yes\" data-elementor-lightbox-slideshow=\"cd0074c\" data-elementor-lightbox-title=\"1\" data-e-action-hash=\"#elementor-action%3Aaction%3Dlightbox%26settings%3DeyJpZCI6MTk3MSwidXJsIjoiaHR0cHM6XC9cL2hhaXJ0cmFucy5jb21cL3dwLWNvbnRlbnRcL3VwbG9hZHNcLzIwMjVcLzA4XC8xLmpwZyIsInNsaWRlc2hvdyI6ImNkMDA3NGMifQ%3D%3D\" href=\"https:\/\/hairtrans.com\/wp-content\/uploads\/2025\/08\/1.jpg\"><img loading=\"lazy\" decoding=\"async\" width=\"1024\" height=\"1024\" src=\"https:\/\/hairtrans.com\/wp-content\/uploads\/2025\/08\/1-1024x1024.jpg\" class=\"attachment-large size-large\" alt=\"Comparaci\u00f3n cl\u00ednica en pantalla dividida que muestra el progreso de la restauraci\u00f3n capilar. El panel &quot;ANTES&quot; muestra una vista superior del cabello debilitado con el cuero cabelludo visible, filmada con iluminaci\u00f3n cl\u00ednica neutra. El panel &quot;DESPU\u00c9S&quot;, capturado con una claridad de alta definici\u00f3n que sugiere un objetivo de retrato de 50 mm, resalta una l\u00ednea de cabello densificada y de aspecto natural. La iluminaci\u00f3n en la toma &quot;DESPU\u00c9S&quot; es suave y difusa, enfatizando la mejora en la textura del cabello y la cobertura del cuero cabelludo. La composici\u00f3n es de estilo documental m\u00e9dico profesional, centrada en la transici\u00f3n de la p\u00e9rdida de cabello a una l\u00ednea de cabello reconstruida y m\u00e1s densa, con una est\u00e9tica limpia y uniforme que resalta la precisi\u00f3n quir\u00fargica y el resultado est\u00e9tico del procedimiento.\" srcset=\"https:\/\/hairtrans.com\/wp-content\/uploads\/2025\/08\/1-1024x1024.jpg 1024w, https:\/\/hairtrans.com\/wp-content\/uploads\/2025\/08\/1-300x300.jpg 300w, https:\/\/hairtrans.com\/wp-content\/uploads\/2025\/08\/1-150x150.jpg 150w, https:\/\/hairtrans.com\/wp-content\/uploads\/2025\/08\/1-768x768.jpg 768w, https:\/\/hairtrans.com\/wp-content\/uploads\/2025\/08\/1-12x12.jpg 12w, https:\/\/hairtrans.com\/wp-content\/uploads\/2025\/08\/1.jpg 1080w\" sizes=\"(max-width: 1024px) 100vw, 1024px\" \/><\/a>\n\t\t\t<\/div><\/figure>\n\t\t<\/div>\n\t\t<\/div>\n\t\t\t\t\t\t<\/div>\n\t\t\t\t<\/div>\n\t\t\t\t\t<\/div>\n\t\t\t\t<\/div>\n\t\t\t\t<\/div>","protected":false},"excerpt":{"rendered":"<p>Galer\u00eda antes y despu\u00e9s<\/p>","protected":false},"author":1,"featured_media":0,"parent":0,"menu_order":0,"comment_status":"closed","ping_status":"closed","template":"","meta":{"site-sidebar-layout":"no-sidebar","site-content-layout":"","ast-site-content-layout":"full-width-container","site-content-style":"default","site-sidebar-style":"default","ast-global-header-display":"","ast-banner-title-visibility":"","ast-main-header-display":"","ast-hfb-above-header-display":"","ast-hfb-below-header-display":"","ast-hfb-mobile-header-display":"","site-post-title":"","ast-breadcrumbs-content":"","ast-featured-img":"disabled","footer-sml-layout":"","ast-disable-related-posts":"","theme-transparent-header-meta":"","adv-header-id-meta":"","stick-header-meta":"","header-above-stick-meta":"","header-main-stick-meta":"","header-below-stick-meta":"","astra-migrate-meta-layouts":"default","ast-page-background-enabled":"default","ast-page-background-meta":{"desktop":{"background-color":"var(--ast-global-color-4)","background-image":"","background-repeat":"repeat","background-position":"center center","background-size":"auto","background-attachment":"scroll","background-type":"","background-media":"","overlay-type":"","overlay-color":"","overlay-opacity":"","overlay-gradient":""},"tablet":{"background-color":"","background-image":"","background-repeat":"repeat","background-position":"center center","background-size":"auto","background-attachment":"scroll","background-type":"","background-media":"","overlay-type":"","overlay-color":"","overlay-opacity":"","overlay-gradient":""},"mobile":{"background-color":"","background-image":"","background-repeat":"repeat","background-position":"center center","background-size":"auto","background-attachment":"scroll","background-type":"","background-media":"","overlay-type":"","overlay-color":"","overlay-opacity":"","overlay-gradient":""}},"ast-content-background-meta":{"desktop":{"background-color":"var(--ast-global-color-5)","background-image":"","background-repeat":"repeat","background-position":"center center","background-size":"auto","background-attachment":"scroll","background-type":"","background-media":"","overlay-type":"","overlay-color":"","overlay-opacity":"","overlay-gradient":""},"tablet":{"background-color":"var(--ast-global-color-5)","background-image":"","background-repeat":"repeat","background-position":"center center","background-size":"auto","background-attachment":"scroll","background-type":"","background-media":"","overlay-type":"","overlay-color":"","overlay-opacity":"","overlay-gradient":""},"mobile":{"background-color":"var(--ast-global-color-5)","background-image":"","background-repeat":"repeat","background-position":"center center","background-size":"auto","background-attachment":"scroll","background-type":"","background-media":"","overlay-type":"","overlay-color":"","overlay-opacity":"","overlay-gradient":""}},"footnotes":""},"class_list":["post-1966","page","type-page","status-publish","hentry"],"_links":{"self":[{"href":"https:\/\/hairtrans.com\/es\/wp-json\/wp\/v2\/pages\/1966","targetHints":{"allow":["GET"]}}],"collection":[{"href":"https:\/\/hairtrans.com\/es\/wp-json\/wp\/v2\/pages"}],"about":[{"href":"https:\/\/hairtrans.com\/es\/wp-json\/wp\/v2\/types\/page"}],"author":[{"embeddable":true,"href":"https:\/\/hairtrans.com\/es\/wp-json\/wp\/v2\/users\/1"}],"replies":[{"embeddable":true,"href":"https:\/\/hairtrans.com\/es\/wp-json\/wp\/v2\/comments?post=1966"}],"version-history":[{"count":7,"href":"https:\/\/hairtrans.com\/es\/wp-json\/wp\/v2\/pages\/1966\/revisions"}],"predecessor-version":[{"id":1993,"href":"https:\/\/hairtrans.com\/es\/wp-json\/wp\/v2\/pages\/1966\/revisions\/1993"}],"wp:attachment":[{"href":"https:\/\/hairtrans.com\/es\/wp-json\/wp\/v2\/media?parent=1966"}],"curies":[{"name":"Gracias","href":"https:\/\/api.w.org\/{rel}","templated":true}]}}